{"id":13107,"date":"2026-04-27T10:08:39","date_gmt":"2026-04-27T09:08:39","guid":{"rendered":"https:\/\/fundaciohospitalariesmartorell.org\/entre-tots\/?page_id=13107"},"modified":"2026-04-27T19:03:55","modified_gmt":"2026-04-27T18:03:55","slug":"2026_04_entre-companys","status":"publish","type":"page","link":"https:\/\/fundaciohospitalariesmartorell.org\/entre-tots\/2026_04_entre-companys\/","title":{"rendered":"2026_04_Entre companys"},"content":{"rendered":"\n<div class=\"wp-block-ugb-heading ugb-heading ugb-b98aa59 ugb-main-block\" id=\"25anys\"><style>.ugb-b98aa59 .ugb-heading__title{text-align:center;margin-bottom:0px !important}.ugb-b98aa59 .ugb-heading__subtitle{font-family:\"Barlow\",Sans-serif !important;font-size:31px !important;line-height:1em !important;margin-bottom:28px !important}.ugb-b98aa59 .ugb-heading__top-line{background-color:var(--theme-palette-color-1,#8c124e) !important;margin-left:auto !important;margin-right:auto !important;margin-bottom:14px !important}.ugb-b98aa59 .ugb-inner-block{text-align:center}@media screen and (min-width:768px){.ugb-b98aa59.ugb-heading{margin-top:50px !important}}<\/style><div class=\"ugb-inner-block\"><div class=\"ugb-block-content\"><div class=\"ugb-heading__top-line\"><\/div><h1 class=\"ugb-heading__title\">25 anys amb nosaltres<\/h1><p class=\"ugb-heading__subtitle\">Si es creuen pel teu cam\u00ed, felicita&#8217;ls!<\/p><\/div><\/div><\/div>\n\n\n\n<div class=\"wp-block-ugb-columns ugb-columns ugb-6677741 ugb-columns--design-plain ugb-columns--columns-2 ugb-main-block\"><style>.ugb-6677741 > .ugb-inner-block > .ugb-block-content > .ugb-columns__item{grid-template-columns:0.70fr 1.00fr !important}.ugb-6677741-content-wrapper > .ugb-column{align-items:flex-start !important}.ugb-6677741-content-wrapper > .ugb-column > .ugb-inner-block{height:auto !important}@media screen and (min-width:768px) and (max-width:1025px){.ugb-6677741.ugb-columns{margin-top:80px !important}}<\/style><div class=\"ugb-inner-block\"><div class=\"ugb-block-content\"><div class=\"ugb-columns__item ugb-6677741-content-wrapper\">\n<div class=\"wp-block-ugb-column ugb-column ugb-24c2d0a ugb-column--design-plain ugb-main-block\"><div class=\"ugb-inner-block\"><div class=\"ugb-block-content\"><div class=\"ugb-column__item ugb-24c2d0a-column-wrapper\"><div class=\"ugb-column__content-wrapper\">\n<div class=\"wp-block-ugb-team-member ugb-team-member ugb-328120e ugb-team-member--v3 ugb-team-member--design-plain ugb-team-member--columns-1 ugb-main-block\"><style>.ugb-328120e .ugb-img{border-radius:10px}@media screen and (min-width:768px){.ugb-328120e .ugb-img{border-radius:10px}}@media screen and (min-width:768px) and (max-width:1025px){.ugb-328120e.ugb-team-member{margin-top:80px !important}}<\/style><div class=\"ugb-inner-block\"><div class=\"ugb-block-content\"><div class=\"ugb-team-member__item ugb-team-member__item1\"><div class=\"ugb-team-member__image\"><img loading=\"lazy\" decoding=\"async\" width=\"262\" height=\"343\" class=\"ugb-img wp-image-13106\" src=\"https:\/\/fundaciohospitalariesmartorell.org\/entre-tots\/wp-content\/uploads\/2026\/04\/MORON-CASELLAS-MARTA.jpg\" alt=\"\" title=\"\" srcset=\"https:\/\/fundaciohospitalariesmartorell.org\/entre-tots\/wp-content\/uploads\/2026\/04\/MORON-CASELLAS-MARTA.jpg 262w, https:\/\/fundaciohospitalariesmartorell.org\/entre-tots\/wp-content\/uploads\/2026\/04\/MORON-CASELLAS-MARTA-229x300.jpg 229w\" sizes=\"auto, (max-width: 262px) 100vw, 262px\" \/><\/div><div class=\"ugb-team-member__content\"><\/div><\/div><\/div><\/div><\/div>\n<\/div><\/div><\/div><\/div><\/div>\n\n\n\n<div class=\"wp-block-ugb-column ugb-column ugb-dff7e94 ugb-column--design-plain ugb-main-block\"><style>.ugb-dff7e94-column-wrapper .ugb-column__content-wrapper{width:100% !important}<\/style><div class=\"ugb-inner-block\"><div class=\"ugb-block-content\"><div class=\"ugb-column__item ugb-dff7e94-column-wrapper\"><div class=\"ugb-column__content-wrapper\">\n<div class=\"wp-block-stackable-heading stk-block-heading stk-block-heading--v2 stk-block stk-efb2f77\" id=\"silvia-gutierr\" data-block-id=\"efb2f77\"><style>.stk-efb2f77 {margin-bottom:11px !important;}<\/style><h2 class=\"stk-block-heading__text\">Marta Mor\u00f3n Casellas<\/h2><\/div>\n\n\n\n<div class=\"wp-block-stackable-heading stk-block-heading stk-block-heading--v2 stk-block stk-f99e451\" id=\"infermera-area-d-atencio-intermedia\" data-block-id=\"f99e451\"><style>.stk-f99e451 {margin-bottom:35px !important;}<\/style><h5 class=\"stk-block-heading__text\">Infermera &#8211; \u00c0rea d&#8217;Atenci\u00f3 Interm\u00e8dia<\/h5><\/div>\n\n\n\n<figure class=\"wp-block-pullquote\"><blockquote><p>Amb quina paraula resumiries tot aquest temps?<strong><span style=\"color: var(--theme-palette-color-1, #8c124e);\" class=\"stk-highlight\"><\/span><\/strong><br><span style=\"color: var(--theme-palette-color-1, #8c124e);\" class=\"stk-highlight\">Crecimiento<\/span><\/p><cite><span style=\"color: var(--theme-palette-color-1, #8c124e);\" class=\"stk-highlight\"><\/span><\/cite><\/blockquote><\/figure>\n<\/div><\/div><\/div><\/div><\/div>\n<\/div><\/div><\/div><\/div>\n\n\n\n<div class=\"wp-block-ugb-heading ugb-heading ugb-fc2a6dd ugb-main-block\" id=\"benvingut\"><style>.ugb-fc2a6dd .ugb-heading__title{text-align:center;margin-bottom:0px !important}.ugb-fc2a6dd .ugb-heading__subtitle{font-family:\"Barlow\",Sans-serif !important;font-size:31px !important;line-height:1em !important;margin-bottom:28px !important}.ugb-fc2a6dd .ugb-heading__top-line{background-color:var(--theme-palette-color-1,#8c124e) !important;margin-left:auto !important;margin-right:auto !important;margin-bottom:14px !important}.ugb-fc2a6dd .ugb-inner-block{text-align:center}@media screen and (min-width:768px){.ugb-fc2a6dd.ugb-heading{margin-top:50px !important}}<\/style><div class=\"ugb-inner-block\"><div class=\"ugb-block-content\"><div class=\"ugb-heading__top-line\"><\/div><h1 class=\"ugb-heading__title\">Benvingut\/da!<\/h1><p class=\"ugb-heading__subtitle\">Aquest mes s&#8217;incorporen a l&#8217;equip del Sagrat Cor&#8230;<\/p><\/div><\/div><\/div>\n\n\n\n<div class=\"aligncenter wp-block-ugb-feature ugb-feature ugb-d43835f ugb-feature--v2 ugb-feature--design-basic ugb-feature--invert ugb-main-block\"><style>.ugb-d43835f .ugb-img{border-radius:8px}.ugb-d43835f .ugb-feature__title{color:var(--theme-palette-color-1,#8c124e)}@media screen and (min-width:768px){.ugb-d43835f .ugb-feature__item{grid-template-columns:0.58fr 1.42fr !important}.ugb-d43835f .ugb-img{border-radius:8px;width:143px;height:auto !important}}<\/style><div class=\"ugb-inner-block\"><div class=\"ugb-block-content\"><div class=\"ugb-feature__item\"><div class=\"ugb-feature__content\"><h3 class=\"ugb-feature__title\">John Fabio Vargas C\u00e1rdenas<\/h3><p class=\"ugb-feature__description\"><strong><strong>Metge Psiquiatra \u2013 CSMA Berga<\/strong><\/strong><br><br>\u201cIngresar aqu\u00ed me llena de ilusi\u00f3n y a la vez me hace sentir una gran responsabilidad. Estoy muy agradecido por la confianza que honrar\u00e9 cada d\u00eda con respeto y escucha hacia los pacientes. Espero estar a la altura de este equipo y quedo a disposici\u00f3n para aprender de ustedes\u201d.<\/p><\/div><div class=\"ugb-feature__image-side\"><img decoding=\"async\" class=\"ugb-feature__image ugb-img wp-image-13102 ugb-image--shape-stretch ugb--shadow-2\" src=\"https:\/\/fundaciohospitalariesmartorell.org\/entre-tots\/wp-content\/uploads\/2026\/04\/VARGAS-CARDENAS-JOHN-FABIO.jpg\" alt=\"\" title=\"\" height=\"186\"\/><\/div><\/div><\/div><\/div><\/div>\n\n\n\n<div class=\"aligncenter wp-block-ugb-feature ugb-feature ugb-6cdf656 ugb-feature--v2 ugb-feature--design-basic ugb-main-block\"><style>.ugb-6cdf656 .ugb-img{border-radius:8px}.ugb-6cdf656 .ugb-feature__title{color:var(--theme-palette-color-1,#8c124e)}@media screen and (min-width:768px){.ugb-6cdf656 .ugb-feature__item{grid-template-columns:1.42fr 0.58fr !important}.ugb-6cdf656 .ugb-img{border-radius:8px;width:260px;height:auto !important}}<\/style><div class=\"ugb-inner-block\"><div class=\"ugb-block-content\"><div class=\"ugb-feature__item\"><div class=\"ugb-feature__content\"><h3 class=\"ugb-feature__title\">Yasmin Noem\u00ed Jim\u00e9nez Mu\u00f1oz<\/h3><p class=\"ugb-feature__description\"><strong>Auxiliar d&#8217;Infermeria &#8211; \u00c0rea d&#8217;Atenci\u00f3 Interm\u00e8dia<\/strong><br><br>\u201cTrabajar en la Fundaci\u00f3 Hospital\u00e0ries de Martorell me ha permitido seguir creciendo profesionalmente y formar parte de un entorno comprometido con la calidad, el trabajo en equipo y el valor humano.\u201d.<\/p><\/div><div class=\"ugb-feature__image-side\"><img decoding=\"async\" class=\"ugb-feature__image ugb-img wp-image-13103 ugb-image--shape-stretch ugb--shadow-2\" src=\"https:\/\/fundaciohospitalariesmartorell.org\/entre-tots\/wp-content\/uploads\/2026\/04\/JIMENEZ-MUN\u0303OZ-YASMIN-NOEMI.jpg\" alt=\"\" title=\"\" height=\"344\" srcset=\"https:\/\/fundaciohospitalariesmartorell.org\/entre-tots\/wp-content\/uploads\/2026\/04\/JIMENEZ-MUN\u0303OZ-YASMIN-NOEMI.jpg 260w, https:\/\/fundaciohospitalariesmartorell.org\/entre-tots\/wp-content\/uploads\/2026\/04\/JIMENEZ-MUN\u0303OZ-YASMIN-NOEMI-227x300.jpg 227w\" sizes=\"(max-width: 260px) 100vw, 260px\" \/><\/div><\/div><\/div><\/div><\/div>\n\n\n\n<div class=\"aligncenter wp-block-ugb-feature ugb-feature ugb-3f5e649 ugb-feature--v2 ugb-feature--design-basic ugb-feature--invert ugb-main-block\"><style>.ugb-3f5e649 .ugb-img{border-radius:8px}.ugb-3f5e649 .ugb-feature__title{color:var(--theme-palette-color-1,#8c124e)}@media screen and (min-width:768px){.ugb-3f5e649 .ugb-feature__item{grid-template-columns:0.58fr 1.42fr !important}.ugb-3f5e649 .ugb-img{border-radius:8px;width:260px;height:auto !important}}<\/style><div class=\"ugb-inner-block\"><div class=\"ugb-block-content\"><div class=\"ugb-feature__item\"><div class=\"ugb-feature__content\"><h3 class=\"ugb-feature__title\">Judith Abella Joyera<\/h3><p class=\"ugb-feature__description\"><strong><strong><strong>Auxiliar d&#8217;Infermeria &#8211; \u00c0rea d&#8217;Atenci\u00f3 Interm\u00e8dia<\/strong><\/strong><\/strong><br><br>\u201cPara m\u00ed, formar parte de la Fundaci\u00f3 Hospital\u00e0ries Martorell es una oportunidad de aportar vocaci\u00f3n, compromiso y seguir aprendiendo cada d\u00eda\u201d.<\/p><\/div><div class=\"ugb-feature__image-side\"><img decoding=\"async\" class=\"ugb-feature__image ugb-img wp-image-13104 ugb-image--shape-stretch ugb--shadow-2\" src=\"https:\/\/fundaciohospitalariesmartorell.org\/entre-tots\/wp-content\/uploads\/2026\/04\/ABELLA-JOYERA-JUDITH.jpg\" alt=\"\" title=\"\" height=\"342\" srcset=\"https:\/\/fundaciohospitalariesmartorell.org\/entre-tots\/wp-content\/uploads\/2026\/04\/ABELLA-JOYERA-JUDITH.jpg 260w, https:\/\/fundaciohospitalariesmartorell.org\/entre-tots\/wp-content\/uploads\/2026\/04\/ABELLA-JOYERA-JUDITH-228x300.jpg 228w\" sizes=\"(max-width: 260px) 100vw, 260px\" \/><\/div><\/div><\/div><\/div><\/div>\n\n\n\n<div class=\"aligncenter wp-block-ugb-feature ugb-feature ugb-162972e ugb-feature--v2 ugb-feature--design-basic ugb-main-block\"><style>.ugb-162972e .ugb-img{border-radius:8px}.ugb-162972e .ugb-feature__title{color:var(--theme-palette-color-1,#8c124e)}@media screen and (min-width:768px){.ugb-162972e .ugb-feature__item{grid-template-columns:1.42fr 0.58fr !important}.ugb-162972e .ugb-img{border-radius:8px;width:768px;height:auto !important}}<\/style><div class=\"ugb-inner-block\"><div class=\"ugb-block-content\"><div class=\"ugb-feature__item\"><div class=\"ugb-feature__content\"><h3 class=\"ugb-feature__title\">Elsa G\u00f3mez Gonz\u00e1lez<\/h3><p class=\"ugb-feature__description\"><strong>Terapeuta Ocupacional &#8211; \u00c0rea de Rehabilitaci\u00f3 F\u00edsica<\/strong><br><br>\u201cEs una oportunidad que da sentido a mi pr\u00e1ctica profesional, y adem\u00e1s, estoy deseando construir aprendizajes compartidos con las personas atendidas y los\/las profesionales que conforman Fundaci\u00f3 Hospital\u00e0ries Martorell&#8221;.<\/p><\/div><div class=\"ugb-feature__image-side\"><img decoding=\"async\" class=\"ugb-feature__image ugb-img wp-image-13105 ugb-image--shape-stretch ugb--shadow-2\" src=\"https:\/\/fundaciohospitalariesmartorell.org\/entre-tots\/wp-content\/uploads\/2026\/04\/GOMEZ-GONZALEZ-ELSA.jpg\" alt=\"\" title=\"\" height=\"1024\" srcset=\"https:\/\/fundaciohospitalariesmartorell.org\/entre-tots\/wp-content\/uploads\/2026\/04\/GOMEZ-GONZALEZ-ELSA.jpg 768w, https:\/\/fundaciohospitalariesmartorell.org\/entre-tots\/wp-content\/uploads\/2026\/04\/GOMEZ-GONZALEZ-ELSA-225x300.jpg 225w\" sizes=\"(max-width: 768px) 100vw, 768px\" \/><\/div><\/div><\/div><\/div><\/div>\n","protected":false},"excerpt":{"rendered":"<p>25 anys amb nosaltres Si es creuen pel teu cam\u00ed, felicita&#8217;ls! Marta Mor\u00f3n Casellas Infermera &#8211; \u00c0rea d&#8217;Atenci\u00f3 Interm\u00e8dia Amb quina paraula resumiries tot aquest temps?Crecimiento Benvingut\/da! Aquest mes s&#8217;incorporen a l&#8217;equip del Sagrat Cor&#8230; John Fabio Vargas C\u00e1rdenas Metge Psiquiatra \u2013 CSMA Berga \u201cIngresar aqu\u00ed me llena de ilusi\u00f3n y a la vez me [&hellip;]<\/p>\n","protected":false},"author":2,"featured_media":0,"parent":0,"menu_order":0,"comment_status":"closed","ping_status":"closed","template":"","meta":{"footnotes":""},"class_list":["post-13107","page","type-page","status-publish","hentry"],"blocksy_meta":{"page_title_panel":"","has_hero_section":"disabled","9dad8f631ace193755e5712efd9714a6":"","hero_section":"type-1","hero_elements":[{"id":"custom_title","enabled":true,"heading_tag":"h1","title":"Home"},{"id":"custom_description","enabled":true,"description_visibility":{"desktop":true,"tablet":true,"mobile":false}},{"id":"custom_meta","enabled":false,"meta_elements":[{"id":"author","enabled":true,"label":"By","has_author_avatar":"yes","avatar_size":25},{"id":"post_date","enabled":true,"label":"On","date_format_source":"default","date_format":"M j, Y"},{"id":"comments","enabled":true}],"page_meta_elements":{"joined":true,"articles_count":true,"comments":true}},{"id":"breadcrumbs","enabled":false}],"10718d59018f557af90dfeaf23a39658":"","hero_alignment1":"left","hero_alignment2":"center","hero_vertical_alignment":"center","ecb220f600a0cbb00d37673beecfad6b":"","hero_structure":"narrow","bdefc77aa7a233f13e3f7f823f3a7004":"","page_title_bg_type":"featured_image","custom_hero_background":{"attachment_id":null},"parallax":{"desktop":false,"tablet":false,"mobile":false},"094dc78d23e1d39855993b2f9b5ad59c":"","hero_height":"230px","pageTitleFont":{"family":"Default","variation":"Default","size":{"desktop":"32px","tablet":"30px","mobile":"25px"},"line-height":"1.3","letter-spacing":"CT_CSS_SKIP_RULE","text-transform":"CT_CSS_SKIP_RULE","text-decoration":"CT_CSS_SKIP_RULE"},"pageTitleFontColor":{"default":{"color":"CT_CSS_SKIP_RULEDEFAULT"}},"pageMetaFont":{"family":"Default","variation":"n6","size":{"desktop":"12px","tablet":"12px","mobile":"12px"},"line-height":"1.3","letter-spacing":"CT_CSS_SKIP_RULE","text-transform":"uppercase","text-decoration":"CT_CSS_SKIP_RULE"},"pageMetaFontColor":{"default":{"color":"CT_CSS_SKIP_RULEDEFAULT"},"hover":{"color":"CT_CSS_SKIP_RULEDEFAULT"}},"pageExcerptFont":{"family":"Default","variation":"n5","size":"CT_CSS_SKIP_RULE","line-height":"CT_CSS_SKIP_RULE","letter-spacing":"CT_CSS_SKIP_RULE","text-transform":"CT_CSS_SKIP_RULE","text-decoration":"CT_CSS_SKIP_RULE"},"pageExcerptColor":{"default":{"color":"CT_CSS_SKIP_RULEDEFAULT"}},"breadcrumbsFont":{"family":"Default","variation":"n6","size":"12px","line-height":"CT_CSS_SKIP_RULE","letter-spacing":"CT_CSS_SKIP_RULE","text-transform":"uppercase","text-decoration":"CT_CSS_SKIP_RULE"},"breadcrumbsFontColor":{"default":{"color":"CT_CSS_SKIP_RULEDEFAULT"},"initial":{"color":"CT_CSS_SKIP_RULEDEFAULT"},"hover":{"color":"CT_CSS_SKIP_RULEDEFAULT"}},"pageTitleOverlay":{"default":{"color":"rgba(41, 51, 60, 0.2)"}},"pageTitleBackground":{"background_type":"color","background_pattern":"type-1","background_image":{"attachment_id":null,"x":0,"y":0},"background_repeat":"no-repeat","background_size":"auto","background_attachment":"scroll","patternColor":{"default":{"color":"#e5e7ea"}},"backgroundColor":{"default":{"color":"#EDEFF2"}}},"cb6e33e392d12c50e8ca8328c1e2f430":"","page_structure_type":"default","content_style":"inherit","vertical_spacing_source":"custom","content_area_spacing":"bottom","background":{"background_type":"color","background_pattern":"type-1","background_image":{"attachment_id":null,"x":0,"y":0},"background_repeat":"no-repeat","background_size":"auto","background_attachment":"scroll","patternColor":{"default":{"color":"#e5e7ea"}},"backgroundColor":{"default":{"color":"CT_CSS_SKIP_RULE"}}},"content_background":{"background_type":"color","background_pattern":"type-1","background_image":{"attachment_id":null,"x":0,"y":0},"background_repeat":"no-repeat","background_size":"auto","background_attachment":"scroll","patternColor":{"default":{"color":"#e5e7ea"}},"backgroundColor":{"default":{"color":"#ffffff"}}},"content_boxed_spacing":{"desktop":"40px","tablet":"35px","mobile":"20px"},"content_boxed_radius":{"top":"3px","bottom":"3px","left":"3px","right":"3px","linked":true},"content_boxed_shadow":{"blur":18,"spread":-6,"v_offset":12,"h_offset":0,"inset":false,"enable":true,"color":{"color":"rgba(34, 56, 101, 0.04)"}},"b74da0a2ba3bc24dcb09eb2e9153fdb9":"","disable_featured_image":"no","disable_header":"no","disable_footer":"no","styles_descriptor":{"styles":{"desktop":"","tablet":"","mobile":""},"google_fonts":[],"version":6}},"featured_image_urls_v2":{"full":"","thumbnail":"","medium":"","medium_large":"","large":"","1536x1536":"","2048x2048":"","mailpoet_newsletter_max":""},"post_excerpt_stackable_v2":"<p>25 anys amb nosaltresSi es creuen pel teu cam\u00ed, felicita&#8217;ls! Marta Mor\u00f3n Casellas Infermera &#8211; \u00c0rea d&#8217;Atenci\u00f3 Interm\u00e8dia Amb quina paraula resumiries tot aquest temps?Crecimiento Benvingut\/da!Aquest mes s&#8217;incorporen a l&#8217;equip del Sagrat Cor&#8230; John Fabio Vargas C\u00e1rdenasMetge Psiquiatra \u2013 CSMA Berga\u201cIngresar aqu\u00ed me llena de ilusi\u00f3n y a la vez me hace sentir una gran responsabilidad. Estoy muy agradecido por la confianza que honrar\u00e9 cada d\u00eda con respeto y escucha hacia los pacientes. Espero estar a la altura de este equipo y quedo a disposici\u00f3n para aprender de ustedes\u201d. Yasmin Noem\u00ed Jim\u00e9nez Mu\u00f1ozAuxiliar d&#8217;Infermeria &#8211; \u00c0rea d&#8217;Atenci\u00f3 Interm\u00e8dia\u201cTrabajar en la&hellip;<\/p>\n","category_list_v2":"","author_info_v2":{"name":"Sagrat Cor","url":"https:\/\/fundaciohospitalariesmartorell.org\/entre-tots\/author\/daniel\/"},"comments_num_v2":"0 comments","_links":{"self":[{"href":"https:\/\/fundaciohospitalariesmartorell.org\/entre-tots\/wp-json\/wp\/v2\/pages\/13107","targetHints":{"allow":["GET"]}}],"collection":[{"href":"https:\/\/fundaciohospitalariesmartorell.org\/entre-tots\/wp-json\/wp\/v2\/pages"}],"about":[{"href":"https:\/\/fundaciohospitalariesmartorell.org\/entre-tots\/wp-json\/wp\/v2\/types\/page"}],"author":[{"embeddable":true,"href":"https:\/\/fundaciohospitalariesmartorell.org\/entre-tots\/wp-json\/wp\/v2\/users\/2"}],"replies":[{"embeddable":true,"href":"https:\/\/fundaciohospitalariesmartorell.org\/entre-tots\/wp-json\/wp\/v2\/comments?post=13107"}],"version-history":[{"count":4,"href":"https:\/\/fundaciohospitalariesmartorell.org\/entre-tots\/wp-json\/wp\/v2\/pages\/13107\/revisions"}],"predecessor-version":[{"id":13123,"href":"https:\/\/fundaciohospitalariesmartorell.org\/entre-tots\/wp-json\/wp\/v2\/pages\/13107\/revisions\/13123"}],"wp:attachment":[{"href":"https:\/\/fundaciohospitalariesmartorell.org\/entre-tots\/wp-json\/wp\/v2\/media?parent=13107"}],"curies":[{"name":"wp","href":"https:\/\/api.w.org\/{rel}","templated":true}]}}