{"id":3491,"date":"2022-04-19T13:06:00","date_gmt":"2022-04-19T11:06:00","guid":{"rendered":"https:\/\/newweb.hospitalsagratcormartorell.org\/entre-tots\/?page_id=3491"},"modified":"2026-04-27T19:04:31","modified_gmt":"2026-04-27T18:04:31","slug":"inici","status":"publish","type":"page","link":"https:\/\/fundaciohospitalariesmartorell.org\/entre-tots\/","title":{"rendered":"INICI"},"content":{"rendered":"<\/p>\n<h2>Actualitat Fundaci\u00f3 Hospital\u00e0ries Martorell<\/h2>\n<p><div class=\"ct-posts-shortcode\" data-prefix=\"blog\"><div class=\"entries\" data-archive=\"default\" data-layout=\"classic\" data-cards=\"cover\" data-hover=\"zoom-out\"><article class=\"entry-card card-content post-13079 post type-post status-publish format-standard has-post-thumbnail hentry category-actualitat\" data-reveal=\"bottom:no\"><ul class=\"entry-meta\" data-type=\"simple:none\" data-id=\"j0qilM\" ><li class=\"meta-categories\" data-type=\"pill\"><a href=\"https:\/\/fundaciohospitalariesmartorell.org\/entre-tots\/category\/actualitat\/\" rel=\"tag\" class=\"ct-term-27\">ACTUALITAT<\/a><\/li><li class=\"meta-date\" itemprop=\"datePublished\"><time class=\"ct-meta-element-date\" datetime=\"2026-04-24T08:56:09+01:00\">abril 2026<\/time><\/li><\/ul><h2 class=\"entry-title\"><a href=\"https:\/\/fundaciohospitalariesmartorell.org\/entre-tots\/2026\/04\/sant-jordi-i-sant-benito-menni-suneixen-en-una-jornada-plena-dhospitalitat-i-solidaritat\/\" rel=\"bookmark\">Sant Jordi i Sant Benito Menni s\u2019uneixen en una jornada plena d\u2019hospitalitat i solidaritat<\/a><\/h2><a class=\"ct-media-container has-hover-effect\" href=\"https:\/\/fundaciohospitalariesmartorell.org\/entre-tots\/2026\/04\/sant-jordi-i-sant-benito-menni-suneixen-en-una-jornada-plena-dhospitalitat-i-solidaritat\/\" aria-label=\"Sant Jordi i Sant Benito Menni s\u2019uneixen en una jornada plena d\u2019hospitalitat i solidaritat\"><img decoding=\"async\" width=\"768\" height=\"496\" src=\"https:\/\/fundaciohospitalariesmartorell.org\/entre-tots\/wp-content\/uploads\/2026\/04\/image-11-768x496.png\" class=\"attachment-medium_large size-medium_large wp-post-image\" alt=\"\" loading=\"lazy\" srcset=\"https:\/\/fundaciohospitalariesmartorell.org\/entre-tots\/wp-content\/uploads\/2026\/04\/image-11-768x496.png 768w, https:\/\/fundaciohospitalariesmartorell.org\/entre-tots\/wp-content\/uploads\/2026\/04\/image-11-300x194.png 300w, https:\/\/fundaciohospitalariesmartorell.org\/entre-tots\/wp-content\/uploads\/2026\/04\/image-11-1024x662.png 1024w, https:\/\/fundaciohospitalariesmartorell.org\/entre-tots\/wp-content\/uploads\/2026\/04\/image-11.png 1250w\" sizes=\"auto, (max-width: 768px) 100vw, 768px\" itemprop=\"image\" style=\"aspect-ratio: 625\/404;\" \/><\/a><\/article><\/div><\/div>\n\n\n\n<div class=\"wp-block-stackable-columns alignfull stk-block-columns stk-block stk-ef144b9 stk-block-background stk--has-background-overlay\" data-block-id=\"ef144b9\"><style>.stk-ef144b9 {background-color:var(--theme-palette-color-1, #8c124e) !important;background-image:url(https:\/\/fundaciohospitalariesmartorell.org\/entre-tots\/wp-content\/uploads\/2023\/02\/vista-superior-viejos-periodicos-franceses.png) !important;background-blend-mode:multiply !important;padding-top:50px !important;padding-bottom:50px !important;margin-bottom:0px !important;}.stk-ef144b9:before{background-color:var(--theme-palette-color-1, #8c124e) !important;opacity:0.1 !important;}.stk-ef144b9-column{--stk-column-gap:50px !important;row-gap:70px !important;}@media screen and (max-width:999px){.stk-ef144b9 {padding-top:80px !important;padding-bottom:80px !important;}}<\/style><div class=\"stk-row stk-inner-blocks stk-block-content stk-content-align stk-ef144b9-column\">\n<div class=\"wp-block-stackable-column stk-block-column stk-column stk-block stk-940fcb6 wpform-dark-background\" data-v=\"4\" data-block-id=\"940fcb6\"><style>.stk-940fcb6-container{margin-top:0px !important;margin-right:0px !important;margin-bottom:0px !important;margin-left:0px !important;}@media screen and (min-width:690px) and (max-width:999px){.stk-940fcb6 {flex:var(--stk-flex-grow, 1) 1 calc(100% - var(--stk-column-gap, 0px) * 0 \/ 1 ) !important;}}@media screen and (max-width:689px){.stk-940fcb6 {padding-top:50px !important;padding-right:35px !important;padding-bottom:50px !important;padding-left:35px !important;}}<\/style><div class=\"stk-column-wrapper stk-block-column__content stk-container stk-940fcb6-container stk--no-background stk--no-padding\"><div class=\"stk-block-content stk-inner-blocks stk-940fcb6-inner-blocks\">\n<div class=\"wp-block-stackable-heading stk-block-heading stk-block-heading--v2 stk-block stk-0379a97\" id=\"entre-noticies\" data-block-id=\"0379a97\"><style>.stk-0379a97 {margin-bottom:0px !important;}.stk-0379a97 .stk-block-heading__text{color:var(--theme-palette-color-2, #b36989) !important;}<\/style><h3 class=\"stk-block-heading__text has-text-color has-text-align-center\">Entre not\u00edcies<\/h3><\/div>\n\n\n\n        <div class=\"wp-block-getwid-post-slider custom-post-type-post has-arrows-inside has-dots-none\">\n            <div data-slider-option=\"{&quot;getwid_fade_effect&quot;:&quot;slide&quot;,&quot;getwid_autoplay&quot;:true,&quot;getwid_pause_on_hover&quot;:false,&quot;getwid_autoplay_speed&quot;:6000,&quot;getwid_infinite&quot;:true,&quot;getwid_animation_speed&quot;:800,&quot;getwid_arrows&quot;:&quot;inside&quot;,&quot;getwid_dots&quot;:&quot;none&quot;}\" class=\"wp-block-getwid-post-slider__content\">\n                \t\t\t\t\t\t\t<div class=\"wp-block-getwid-post-slider__slide\" style=\"\">\n\t\t\t\t\t\t\t\t<h3 style=\"font-style:normal;font-weight:400;\" class=\"has-text-align-center has-link-color wp-elements-c6839ee2696fbd45c923cfb6f3b5400e wp-block-post-title has-text-color has-palette-color-7-color\"><a href=\"https:\/\/fundaciohospitalariesmartorell.org\/entre-tots\/2026\/04\/dues-persones-usuaries-exposen-el-seu-proces-de-recuperacio-a-la-sexta-i-catalunya-radio\/\" target=\"_self\" >Dues persones usu\u00e0ries exposen el seu proc\u00e9s de recuperaci\u00f3 a La Sexta i Catalunya R\u00e0dio<\/a><\/h3>\t\t\t\t\t\t\t<\/div>\n\t\t\t\t\t\t\t\t\t\t\t\t\t<div class=\"wp-block-getwid-post-slider__slide\" style=\"\">\n\t\t\t\t\t\t\t\t<h3 style=\"font-style:normal;font-weight:400;\" class=\"has-text-align-center has-link-color wp-elements-c6839ee2696fbd45c923cfb6f3b5400e wp-block-post-title has-text-color has-palette-color-7-color\"><a href=\"https:\/\/fundaciohospitalariesmartorell.org\/entre-tots\/2025\/11\/com-preparavem-el-nadal-ara-fa-20-anys\/\" target=\"_self\" >Com prepar\u00e0vem el Nadal ara fa 20 anys?<\/a><\/h3>\t\t\t\t\t\t\t<\/div>\n\t\t\t\t\t\t\t\t\t\t\t\t\t<div class=\"wp-block-getwid-post-slider__slide\" style=\"\">\n\t\t\t\t\t\t\t\t<h3 style=\"font-style:normal;font-weight:400;\" class=\"has-text-align-center has-link-color wp-elements-c6839ee2696fbd45c923cfb6f3b5400e wp-block-post-title has-text-color has-palette-color-7-color\"><a href=\"https:\/\/fundaciohospitalariesmartorell.org\/entre-tots\/2025\/10\/patir-un-trastorn-mental-no-significa-necessariament-ser-infelic-diu-roger-ballesca-al-programa-de-nit-de-radio-4\/\" target=\"_self\" >&#8220;Patir un trastorn mental no significa necess\u00e0riament ser infeli\u00e7&#8221;, diu Roger Ballesc\u00e0 al programa De Nit de R\u00e0dio 4<\/a><\/h3>\t\t\t\t\t\t\t<\/div>\n\t\t\t\t\t\t            <\/div>\n        <\/div>\n        <\/div><\/div><\/div>\n<\/div><\/div>\n\n\n\n<div class=\"wp-block-stackable-columns stk-block-columns stk-block stk-69ccdff\" id=\"midaOK\" data-block-id=\"69ccdff\"><div class=\"stk-row stk-inner-blocks stk-block-content stk-content-align stk-69ccdff-column\">\n<div class=\"wp-block-stackable-column stk-block-column stk-column stk-block stk-a27a6e4\" data-v=\"4\" data-block-id=\"a27a6e4\"><style>.stk-a27a6e4-container{margin-left:0px !important;}<\/style><div class=\"stk-column-wrapper stk-block-column__content stk-container stk-a27a6e4-container stk--no-background stk--no-padding\"><div class=\"stk-block-content stk-inner-blocks stk-a27a6e4-inner-blocks\"><div class=\"ct-posts-shortcode\" data-prefix=\"blog\"><div class=\"entries\" data-archive=\"default\" data-layout=\"classic\" data-cards=\"cover\" data-hover=\"zoom-out\"><article class=\"entry-card card-content post-12980 post type-post status-publish format-standard has-post-thumbnail hentry category-actualitat\" data-reveal=\"bottom:no\"><ul class=\"entry-meta\" data-type=\"simple:none\" data-id=\"j0qilM\" ><li class=\"meta-categories\" data-type=\"pill\"><a href=\"https:\/\/fundaciohospitalariesmartorell.org\/entre-tots\/category\/actualitat\/\" rel=\"tag\" class=\"ct-term-27\">ACTUALITAT<\/a><\/li><li class=\"meta-date\" itemprop=\"datePublished\"><time class=\"ct-meta-element-date\" datetime=\"2026-04-13T12:21:35+01:00\">abril 2026<\/time><\/li><\/ul><h2 class=\"entry-title\"><a href=\"https:\/\/fundaciohospitalariesmartorell.org\/entre-tots\/2026\/04\/larea-de-persones-impulsa-un-audiovisual-per-connectar-les-noves-incorporacions-amb-antics-col%c2%b7aboradors-es\/\" rel=\"bookmark\">L&#8217;\u00c0rea de Persones impulsa un audiovisual per connectar les noves incorporacions amb antics col\u00b7aboradors\/es<\/a><\/h2><a class=\"ct-media-container has-hover-effect\" href=\"https:\/\/fundaciohospitalariesmartorell.org\/entre-tots\/2026\/04\/larea-de-persones-impulsa-un-audiovisual-per-connectar-les-noves-incorporacions-amb-antics-col%c2%b7aboradors-es\/\" aria-label=\"L&#8217;\u00c0rea de Persones impulsa un audiovisual per connectar les noves incorporacions amb antics col\u00b7aboradors\/es\"><img decoding=\"async\" width=\"768\" height=\"432\" src=\"https:\/\/fundaciohospitalariesmartorell.org\/entre-tots\/wp-content\/uploads\/2026\/04\/Video-resum-CAT-768x432.png\" class=\"attachment-medium_large size-medium_large wp-post-image\" alt=\"\" loading=\"lazy\" srcset=\"https:\/\/fundaciohospitalariesmartorell.org\/entre-tots\/wp-content\/uploads\/2026\/04\/Video-resum-CAT-768x432.png 768w, https:\/\/fundaciohospitalariesmartorell.org\/entre-tots\/wp-content\/uploads\/2026\/04\/Video-resum-CAT-300x169.png 300w, https:\/\/fundaciohospitalariesmartorell.org\/entre-tots\/wp-content\/uploads\/2026\/04\/Video-resum-CAT-1024x576.png 1024w, https:\/\/fundaciohospitalariesmartorell.org\/entre-tots\/wp-content\/uploads\/2026\/04\/Video-resum-CAT-1536x864.png 1536w, https:\/\/fundaciohospitalariesmartorell.org\/entre-tots\/wp-content\/uploads\/2026\/04\/Video-resum-CAT-1320x743.png 1320w, https:\/\/fundaciohospitalariesmartorell.org\/entre-tots\/wp-content\/uploads\/2026\/04\/Video-resum-CAT.png 1920w\" sizes=\"auto, (max-width: 768px) 100vw, 768px\" itemprop=\"image\" style=\"aspect-ratio: 16\/9;\" \/><\/a><\/article><\/div><\/div>\n<\/div><\/div><\/div>\n\n\n\n<div class=\"wp-block-stackable-column stk-block-column stk-column stk-block stk-d7e651f\" data-v=\"4\" data-block-id=\"d7e651f\"><style>.stk-d7e651f-container{margin-left:0px !important;}<\/style><div class=\"stk-column-wrapper stk-block-column__content stk-container stk-d7e651f-container stk--no-background stk--no-padding\"><div class=\"stk-block-content stk-inner-blocks stk-d7e651f-inner-blocks\"><div class=\"ct-posts-shortcode\" data-prefix=\"blog\"><div class=\"entries\" data-archive=\"default\" data-layout=\"classic\" data-cards=\"cover\" data-hover=\"zoom-out\"><article class=\"entry-card card-content post-13051 post type-post status-publish format-standard has-post-thumbnail hentry category-actualitat\" data-reveal=\"bottom:no\"><ul class=\"entry-meta\" data-type=\"simple:none\" data-id=\"j0qilM\" ><li class=\"meta-categories\" data-type=\"pill\"><a href=\"https:\/\/fundaciohospitalariesmartorell.org\/entre-tots\/category\/actualitat\/\" rel=\"tag\" class=\"ct-term-27\">ACTUALITAT<\/a><\/li><li class=\"meta-date\" itemprop=\"datePublished\"><time class=\"ct-meta-element-date\" datetime=\"2026-04-22T10:37:01+01:00\">abril 2026<\/time><\/li><\/ul><h2 class=\"entry-title\"><a href=\"https:\/\/fundaciohospitalariesmartorell.org\/entre-tots\/2026\/04\/bajo-la-piel-del-monstruo-un-llibre-que-dona-veu-a-les-persones-amb-tca-de-llarga-evolucio\/\" rel=\"bookmark\">\u201cBajo la piel del monstruo\u201d, un llibre que dona veu a les persones amb TCA de llarga evoluci\u00f3<\/a><\/h2><a class=\"ct-media-container has-hover-effect\" href=\"https:\/\/fundaciohospitalariesmartorell.org\/entre-tots\/2026\/04\/bajo-la-piel-del-monstruo-un-llibre-que-dona-veu-a-les-persones-amb-tca-de-llarga-evolucio\/\" aria-label=\"\u201cBajo la piel del monstruo\u201d, un llibre que dona veu a les persones amb TCA de llarga evoluci\u00f3\"><img decoding=\"async\" width=\"768\" height=\"432\" src=\"https:\/\/fundaciohospitalariesmartorell.org\/entre-tots\/wp-content\/uploads\/2026\/04\/Captura-de-pantalla-2026-04-22-112145-edited-768x432.png\" class=\"attachment-medium_large size-medium_large wp-post-image\" alt=\"\" loading=\"lazy\" srcset=\"https:\/\/fundaciohospitalariesmartorell.org\/entre-tots\/wp-content\/uploads\/2026\/04\/Captura-de-pantalla-2026-04-22-112145-edited-768x432.png 768w, https:\/\/fundaciohospitalariesmartorell.org\/entre-tots\/wp-content\/uploads\/2026\/04\/Captura-de-pantalla-2026-04-22-112145-edited-300x169.png 300w, https:\/\/fundaciohospitalariesmartorell.org\/entre-tots\/wp-content\/uploads\/2026\/04\/Captura-de-pantalla-2026-04-22-112145-edited.png 971w\" sizes=\"auto, (max-width: 768px) 100vw, 768px\" itemprop=\"image\" style=\"aspect-ratio: 971\/546;\" \/><\/a><\/article><\/div><\/div>\n<\/div><\/div><\/div>\n<\/div><\/div>\n\n\n\n<div class=\"wp-block-stackable-columns stk-block-columns stk-block stk-1d9cad1\" id=\"midaOK\" data-block-id=\"1d9cad1\"><div class=\"stk-row stk-inner-blocks stk-block-content stk-content-align stk-1d9cad1-column\">\n<div class=\"wp-block-stackable-column stk-block-column stk-column stk-block stk-c584439\" data-v=\"4\" data-block-id=\"c584439\"><style>.stk-c584439-container{margin-left:0px !important;}<\/style><div class=\"stk-column-wrapper stk-block-column__content stk-container stk-c584439-container stk--no-background stk--no-padding\"><div class=\"stk-block-content stk-inner-blocks stk-c584439-inner-blocks\"><div class=\"ct-posts-shortcode\" data-prefix=\"blog\"><div class=\"entries\" data-archive=\"default\" data-layout=\"classic\" data-cards=\"cover\" data-hover=\"zoom-out\"><article class=\"entry-card card-content post-13064 post type-post status-publish format-standard has-post-thumbnail hentry category-actualitat\" data-reveal=\"bottom:no\"><ul class=\"entry-meta\" data-type=\"simple:none\" data-id=\"j0qilM\" ><li class=\"meta-categories\" data-type=\"pill\"><a href=\"https:\/\/fundaciohospitalariesmartorell.org\/entre-tots\/category\/actualitat\/\" rel=\"tag\" class=\"ct-term-27\">ACTUALITAT<\/a><\/li><li class=\"meta-date\" itemprop=\"datePublished\"><time class=\"ct-meta-element-date\" datetime=\"2026-04-24T10:00:09+01:00\">abril 2026<\/time><\/li><\/ul><h2 class=\"entry-title\"><a href=\"https:\/\/fundaciohospitalariesmartorell.org\/entre-tots\/2026\/04\/el-csma-de-berga-impulsa-un-nou-espai-de-suport-i-psicoeducacio-per-a-families\/\" rel=\"bookmark\">Els Serveis de Salut Mental de Berga impulsen un nou espai de suport i psicoeducaci\u00f3 per a fam\u00edlies<\/a><\/h2><a class=\"ct-media-container has-hover-effect\" href=\"https:\/\/fundaciohospitalariesmartorell.org\/entre-tots\/2026\/04\/el-csma-de-berga-impulsa-un-nou-espai-de-suport-i-psicoeducacio-per-a-families\/\" aria-label=\"Els Serveis de Salut Mental de Berga impulsen un nou espai de suport i psicoeducaci\u00f3 per a fam\u00edlies\"><img decoding=\"async\" width=\"768\" height=\"432\" src=\"https:\/\/fundaciohospitalariesmartorell.org\/entre-tots\/wp-content\/uploads\/2026\/04\/WhatsApp-Image-2026-04-22-at-13.35.26-768x432.jpeg\" class=\"attachment-medium_large size-medium_large wp-post-image\" alt=\"\" loading=\"lazy\" srcset=\"https:\/\/fundaciohospitalariesmartorell.org\/entre-tots\/wp-content\/uploads\/2026\/04\/WhatsApp-Image-2026-04-22-at-13.35.26-768x432.jpeg 768w, https:\/\/fundaciohospitalariesmartorell.org\/entre-tots\/wp-content\/uploads\/2026\/04\/WhatsApp-Image-2026-04-22-at-13.35.26-300x169.jpeg 300w, https:\/\/fundaciohospitalariesmartorell.org\/entre-tots\/wp-content\/uploads\/2026\/04\/WhatsApp-Image-2026-04-22-at-13.35.26-1024x576.jpeg 1024w, https:\/\/fundaciohospitalariesmartorell.org\/entre-tots\/wp-content\/uploads\/2026\/04\/WhatsApp-Image-2026-04-22-at-13.35.26-1536x864.jpeg 1536w, https:\/\/fundaciohospitalariesmartorell.org\/entre-tots\/wp-content\/uploads\/2026\/04\/WhatsApp-Image-2026-04-22-at-13.35.26-1320x743.jpeg 1320w, https:\/\/fundaciohospitalariesmartorell.org\/entre-tots\/wp-content\/uploads\/2026\/04\/WhatsApp-Image-2026-04-22-at-13.35.26.jpeg 1600w\" sizes=\"auto, (max-width: 768px) 100vw, 768px\" itemprop=\"image\" style=\"aspect-ratio: 16\/9;\" \/><\/a><\/article><\/div><\/div>\n<\/div><\/div><\/div>\n\n\n\n<div class=\"wp-block-stackable-column stk-block-column stk-column stk-block stk-11ceece\" data-v=\"4\" data-block-id=\"11ceece\"><style>.stk-11ceece-container{margin-left:0px !important;}<\/style><div class=\"stk-column-wrapper stk-block-column__content stk-container stk-11ceece-container stk--no-background stk--no-padding\"><div class=\"stk-block-content stk-inner-blocks stk-11ceece-inner-blocks\"><div class=\"ct-posts-shortcode\" data-prefix=\"blog\"><div class=\"entries\" data-archive=\"default\" data-layout=\"classic\" data-cards=\"cover\" data-hover=\"zoom-out\"><article class=\"entry-card card-content post-13034 post type-post status-publish format-standard has-post-thumbnail hentry category-actualitat\" data-reveal=\"bottom:no\"><ul class=\"entry-meta\" data-type=\"simple:none\" data-id=\"j0qilM\" ><li class=\"meta-categories\" data-type=\"pill\"><a href=\"https:\/\/fundaciohospitalariesmartorell.org\/entre-tots\/category\/actualitat\/\" rel=\"tag\" class=\"ct-term-27\">ACTUALITAT<\/a><\/li><li class=\"meta-date\" itemprop=\"datePublished\"><time class=\"ct-meta-element-date\" datetime=\"2026-04-20T09:13:36+01:00\">abril 2026<\/time><\/li><\/ul><h2 class=\"entry-title\"><a href=\"https:\/\/fundaciohospitalariesmartorell.org\/entre-tots\/2026\/04\/seminari-de-bioetica-2026-una-jornada-per-reforcar-la-reflexio-etica-en-la-practica-assistencial\/\" rel=\"bookmark\">Seminari de Bio\u00e8tica 2026: una jornada per refor\u00e7ar la reflexi\u00f3 \u00e8tica en la pr\u00e0ctica assistencial<\/a><\/h2><a class=\"ct-media-container has-hover-effect\" href=\"https:\/\/fundaciohospitalariesmartorell.org\/entre-tots\/2026\/04\/seminari-de-bioetica-2026-una-jornada-per-reforcar-la-reflexio-etica-en-la-practica-assistencial\/\" aria-label=\"Seminari de Bio\u00e8tica 2026: una jornada per refor\u00e7ar la reflexi\u00f3 \u00e8tica en la pr\u00e0ctica assistencial\"><img decoding=\"async\" width=\"768\" height=\"444\" src=\"https:\/\/fundaciohospitalariesmartorell.org\/entre-tots\/wp-content\/uploads\/2026\/04\/image-6-edited-768x444.png\" class=\"attachment-medium_large size-medium_large wp-post-image\" alt=\"\" loading=\"lazy\" srcset=\"https:\/\/fundaciohospitalariesmartorell.org\/entre-tots\/wp-content\/uploads\/2026\/04\/image-6-edited-768x444.png 768w, https:\/\/fundaciohospitalariesmartorell.org\/entre-tots\/wp-content\/uploads\/2026\/04\/image-6-edited-300x174.png 300w, https:\/\/fundaciohospitalariesmartorell.org\/entre-tots\/wp-content\/uploads\/2026\/04\/image-6-edited-1024x592.png 1024w, https:\/\/fundaciohospitalariesmartorell.org\/entre-tots\/wp-content\/uploads\/2026\/04\/image-6-edited.png 1317w\" sizes=\"auto, (max-width: 768px) 100vw, 768px\" itemprop=\"image\" style=\"aspect-ratio: 439\/254;\" \/><\/a><\/article><\/div><\/div>\n<\/div><\/div><\/div>\n<\/div><\/div>\n\n\n\n<div class=\"wp-block-stackable-columns stk-block-columns stk-block stk-5c4eaf0\" id=\"midaOK\" data-block-id=\"5c4eaf0\"><div class=\"stk-row stk-inner-blocks stk-block-content stk-content-align stk-5c4eaf0-column\">\n<div class=\"wp-block-stackable-column stk-block-column stk-column stk-block stk-fd42df5\" data-v=\"4\" data-block-id=\"fd42df5\"><style>.stk-fd42df5-container{margin-left:0px !important;}<\/style><div class=\"stk-column-wrapper stk-block-column__content stk-container stk-fd42df5-container stk--no-background stk--no-padding\"><div class=\"stk-block-content stk-inner-blocks stk-fd42df5-inner-blocks\"><div class=\"ct-posts-shortcode\" data-prefix=\"blog\"><div class=\"entries\" data-archive=\"default\" data-layout=\"classic\" data-cards=\"cover\" data-hover=\"zoom-out\"><article class=\"entry-card card-content post-13095 post type-post status-publish format-standard has-post-thumbnail hentry category-actualitat\" data-reveal=\"bottom:no\"><ul class=\"entry-meta\" data-type=\"simple:none\" data-id=\"j0qilM\" ><li class=\"meta-categories\" data-type=\"pill\"><a href=\"https:\/\/fundaciohospitalariesmartorell.org\/entre-tots\/category\/actualitat\/\" rel=\"tag\" class=\"ct-term-27\">ACTUALITAT<\/a><\/li><li class=\"meta-date\" itemprop=\"datePublished\"><time class=\"ct-meta-element-date\" datetime=\"2026-04-27T07:26:33+01:00\">abril 2026<\/time><\/li><\/ul><h2 class=\"entry-title\"><a href=\"https:\/\/fundaciohospitalariesmartorell.org\/entre-tots\/2026\/04\/les-vi-jornades-catalanes-dhospitals-de-dia-dadults-de-salut-mental-reuneixen-140-professionals-per-abordar-els-reptes-dels-tca-i-el-tea\/\" rel=\"bookmark\">Les VI Jornades Catalanes d\u2019Hospitals de Dia d\u2019Adults de Salut Mental reuneixen 140 professionals per abordar els reptes dels TCA i el TEA<\/a><\/h2><a class=\"ct-media-container has-hover-effect\" href=\"https:\/\/fundaciohospitalariesmartorell.org\/entre-tots\/2026\/04\/les-vi-jornades-catalanes-dhospitals-de-dia-dadults-de-salut-mental-reuneixen-140-professionals-per-abordar-els-reptes-dels-tca-i-el-tea\/\" aria-label=\"Les VI Jornades Catalanes d\u2019Hospitals de Dia d\u2019Adults de Salut Mental reuneixen 140 professionals per abordar els reptes dels TCA i el TEA\"><img decoding=\"async\" width=\"768\" height=\"384\" src=\"https:\/\/fundaciohospitalariesmartorell.org\/entre-tots\/wp-content\/uploads\/2026\/04\/inaguracio-1518x759-1-768x384.jpg\" class=\"attachment-medium_large size-medium_large wp-post-image\" alt=\"\" loading=\"lazy\" srcset=\"https:\/\/fundaciohospitalariesmartorell.org\/entre-tots\/wp-content\/uploads\/2026\/04\/inaguracio-1518x759-1-768x384.jpg 768w, https:\/\/fundaciohospitalariesmartorell.org\/entre-tots\/wp-content\/uploads\/2026\/04\/inaguracio-1518x759-1-300x150.jpg 300w, https:\/\/fundaciohospitalariesmartorell.org\/entre-tots\/wp-content\/uploads\/2026\/04\/inaguracio-1518x759-1-1024x512.jpg 1024w, https:\/\/fundaciohospitalariesmartorell.org\/entre-tots\/wp-content\/uploads\/2026\/04\/inaguracio-1518x759-1-1320x660.jpg 1320w, https:\/\/fundaciohospitalariesmartorell.org\/entre-tots\/wp-content\/uploads\/2026\/04\/inaguracio-1518x759-1.jpg 1518w\" sizes=\"auto, (max-width: 768px) 100vw, 768px\" itemprop=\"image\" style=\"aspect-ratio: 2\/1;\" \/><\/a><\/article><\/div><\/div>\n<\/div><\/div><\/div>\n\n\n\n<div class=\"wp-block-stackable-column stk-block-column stk-column stk-block stk-1997f46\" data-v=\"4\" data-block-id=\"1997f46\"><style>.stk-1997f46-container{margin-left:0px !important;}<\/style><div class=\"stk-column-wrapper stk-block-column__content stk-container stk-1997f46-container stk--no-background stk--no-padding\"><div class=\"stk-block-content stk-inner-blocks stk-1997f46-inner-blocks\"><div class=\"ct-posts-shortcode\" data-prefix=\"blog\"><div class=\"entries\" data-archive=\"default\" data-layout=\"classic\" data-cards=\"cover\" data-hover=\"zoom-out\"><article class=\"entry-card card-content post-13113 post type-post status-publish format-standard has-post-thumbnail hentry category-actualitat\" data-reveal=\"bottom:no\"><ul class=\"entry-meta\" data-type=\"simple:none\" data-id=\"j0qilM\" ><li class=\"meta-categories\" data-type=\"pill\"><a href=\"https:\/\/fundaciohospitalariesmartorell.org\/entre-tots\/category\/actualitat\/\" rel=\"tag\" class=\"ct-term-27\">ACTUALITAT<\/a><\/li><li class=\"meta-date\" itemprop=\"datePublished\"><time class=\"ct-meta-element-date\" datetime=\"2026-04-27T12:23:00+01:00\">abril 2026<\/time><\/li><\/ul><h2 class=\"entry-title\"><a href=\"https:\/\/fundaciohospitalariesmartorell.org\/entre-tots\/2026\/04\/els-serveis-de-rehabilitacio-comunitaria-de-catalunya-celebren-a-lleida-la-seva-primera-jornada-conjunt\/\" rel=\"bookmark\">Els Serveis de Rehabilitaci\u00f3 Comunit\u00e0ria de Catalunya celebren a Lleida la seva primera jornada conjunta<\/a><\/h2><a class=\"ct-media-container has-hover-effect\" href=\"https:\/\/fundaciohospitalariesmartorell.org\/entre-tots\/2026\/04\/els-serveis-de-rehabilitacio-comunitaria-de-catalunya-celebren-a-lleida-la-seva-primera-jornada-conjunt\/\" aria-label=\"Els Serveis de Rehabilitaci\u00f3 Comunit\u00e0ria de Catalunya celebren a Lleida la seva primera jornada conjunta\"><img decoding=\"async\" width=\"768\" height=\"578\" src=\"https:\/\/fundaciohospitalariesmartorell.org\/entre-tots\/wp-content\/uploads\/2026\/04\/image-12-768x578.png\" class=\"attachment-medium_large size-medium_large wp-post-image\" alt=\"\" loading=\"lazy\" srcset=\"https:\/\/fundaciohospitalariesmartorell.org\/entre-tots\/wp-content\/uploads\/2026\/04\/image-12-768x578.png 768w, https:\/\/fundaciohospitalariesmartorell.org\/entre-tots\/wp-content\/uploads\/2026\/04\/image-12-300x226.png 300w, https:\/\/fundaciohospitalariesmartorell.org\/entre-tots\/wp-content\/uploads\/2026\/04\/image-12.png 930w\" sizes=\"auto, (max-width: 768px) 100vw, 768px\" itemprop=\"image\" style=\"aspect-ratio: 93\/70;\" \/><\/a><\/article><\/div><\/div>\n<\/div><\/div><\/div>\n<\/div><\/div>\n\n\n\n<div class=\"wp-block-stackable-columns stk-block-columns stk-block stk-17e5421\" id=\"midaOK\" data-block-id=\"17e5421\"><div class=\"stk-row stk-inner-blocks stk-block-content stk-content-align stk-17e5421-column\">\n<div class=\"wp-block-stackable-column stk-block-column stk-column stk-block stk-e491853\" data-v=\"4\" data-block-id=\"e491853\"><style>.stk-e491853-container{margin-left:0px !important;}<\/style><div class=\"stk-column-wrapper stk-block-column__content stk-container stk-e491853-container stk--no-background stk--no-padding\"><div class=\"stk-block-content stk-inner-blocks stk-e491853-inner-blocks\"><div class=\"ct-posts-shortcode\" data-prefix=\"blog\"><div class=\"entries\" data-archive=\"default\" data-layout=\"classic\" data-cards=\"cover\" data-hover=\"zoom-out\"><article class=\"entry-card card-content post-13073 post type-post status-publish format-standard has-post-thumbnail hentry category-actualitat\" data-reveal=\"bottom:no\"><ul class=\"entry-meta\" data-type=\"simple:none\" data-id=\"j0qilM\" ><li class=\"meta-categories\" data-type=\"pill\"><a href=\"https:\/\/fundaciohospitalariesmartorell.org\/entre-tots\/category\/actualitat\/\" rel=\"tag\" class=\"ct-term-27\">ACTUALITAT<\/a><\/li><li class=\"meta-date\" itemprop=\"datePublished\"><time class=\"ct-meta-element-date\" datetime=\"2026-04-23T08:24:20+01:00\">abril 2026<\/time><\/li><\/ul><h2 class=\"entry-title\"><a href=\"https:\/\/fundaciohospitalariesmartorell.org\/entre-tots\/2026\/04\/la-iir-salma-lopez-participa-al-xliii-congres-nacional-dinfermeria-de-salut-mental-i-presenta-un-poster-sobre-el-programa-emar\/\" rel=\"bookmark\">La IIR Salma L\u00f3pez, participa al XLIII Congr\u00e9s Nacional d\u2019Infermeria de Salut Mental i presenta un p\u00f2ster sobre el programa EMAR<\/a><\/h2><a class=\"ct-media-container has-hover-effect\" href=\"https:\/\/fundaciohospitalariesmartorell.org\/entre-tots\/2026\/04\/la-iir-salma-lopez-participa-al-xliii-congres-nacional-dinfermeria-de-salut-mental-i-presenta-un-poster-sobre-el-programa-emar\/\" aria-label=\"La IIR Salma L\u00f3pez, participa al XLIII Congr\u00e9s Nacional d\u2019Infermeria de Salut Mental i presenta un p\u00f2ster sobre el programa EMAR\"><img decoding=\"async\" width=\"519\" height=\"358\" src=\"https:\/\/fundaciohospitalariesmartorell.org\/entre-tots\/wp-content\/uploads\/2026\/04\/resident-salma-e1777031828860.png\" class=\"attachment-medium_large size-medium_large wp-post-image\" alt=\"\" loading=\"lazy\" srcset=\"https:\/\/fundaciohospitalariesmartorell.org\/entre-tots\/wp-content\/uploads\/2026\/04\/resident-salma-e1777031828860.png 519w, https:\/\/fundaciohospitalariesmartorell.org\/entre-tots\/wp-content\/uploads\/2026\/04\/resident-salma-e1777031828860-300x207.png 300w\" sizes=\"auto, (max-width: 519px) 100vw, 519px\" itemprop=\"image\" style=\"aspect-ratio: 519\/358;\" \/><\/a><\/article><\/div><\/div>\n<\/div><\/div><\/div>\n\n\n\n<div class=\"wp-block-stackable-column stk-block-column stk-column stk-block stk-d3aaeea\" data-v=\"4\" data-block-id=\"d3aaeea\"><style>.stk-d3aaeea-container{margin-left:0px !important;}<\/style><div class=\"stk-column-wrapper stk-block-column__content stk-container stk-d3aaeea-container stk--no-background stk--no-padding\"><div class=\"stk-block-content stk-inner-blocks stk-d3aaeea-inner-blocks\"><div class=\"ct-posts-shortcode\" data-prefix=\"blog\"><div class=\"entries\" data-archive=\"default\" data-layout=\"classic\" data-cards=\"cover\" data-hover=\"zoom-out\"><article class=\"entry-card card-content post-13026 post type-post status-publish format-standard has-post-thumbnail hentry category-actualitat\" data-reveal=\"bottom:no\"><ul class=\"entry-meta\" data-type=\"simple:none\" data-id=\"j0qilM\" ><li class=\"meta-categories\" data-type=\"pill\"><a href=\"https:\/\/fundaciohospitalariesmartorell.org\/entre-tots\/category\/actualitat\/\" rel=\"tag\" class=\"ct-term-27\">ACTUALITAT<\/a><\/li><li class=\"meta-date\" itemprop=\"datePublished\"><time class=\"ct-meta-element-date\" datetime=\"2026-04-16T12:10:04+01:00\">abril 2026<\/time><\/li><\/ul><h2 class=\"entry-title\"><a href=\"https:\/\/fundaciohospitalariesmartorell.org\/entre-tots\/2026\/04\/la-fundacio-hospitalaries-martorell-participa-en-la-i-jornada-de-terapia-ocupacional-del-cst\/\" rel=\"bookmark\">Professionals de la FH Martorell presenten treballs a la I Jornada de Ter\u00e0pia Ocupacional del CST<\/a><\/h2><a class=\"ct-media-container has-hover-effect\" href=\"https:\/\/fundaciohospitalariesmartorell.org\/entre-tots\/2026\/04\/la-fundacio-hospitalaries-martorell-participa-en-la-i-jornada-de-terapia-ocupacional-del-cst\/\" aria-label=\"Professionals de la FH Martorell presenten treballs a la I Jornada de Ter\u00e0pia Ocupacional del CST\"><img decoding=\"async\" width=\"768\" height=\"464\" src=\"https:\/\/fundaciohospitalariesmartorell.org\/entre-tots\/wp-content\/uploads\/2026\/04\/Captura-de-pantalla-2026-04-16-130702-768x464.png\" class=\"attachment-medium_large size-medium_large wp-post-image\" alt=\"\" loading=\"lazy\" srcset=\"https:\/\/fundaciohospitalariesmartorell.org\/entre-tots\/wp-content\/uploads\/2026\/04\/Captura-de-pantalla-2026-04-16-130702-768x464.png 768w, https:\/\/fundaciohospitalariesmartorell.org\/entre-tots\/wp-content\/uploads\/2026\/04\/Captura-de-pantalla-2026-04-16-130702-300x181.png 300w, https:\/\/fundaciohospitalariesmartorell.org\/entre-tots\/wp-content\/uploads\/2026\/04\/Captura-de-pantalla-2026-04-16-130702.png 866w\" sizes=\"auto, (max-width: 768px) 100vw, 768px\" itemprop=\"image\" style=\"aspect-ratio: 866\/523;\" \/><\/a><\/article><\/div><\/div>\n<\/div><\/div><\/div>\n<\/div><\/div>\n\n\n\n<div class=\"wp-block-stackable-columns stk-block-columns stk-block stk-ba901b0\" id=\"midaOK\" data-block-id=\"ba901b0\"><div class=\"stk-row stk-inner-blocks stk-block-content stk-content-align stk-ba901b0-column\">\n<div class=\"wp-block-stackable-column stk-block-column stk-column stk-block stk-d4b4282\" data-v=\"4\" data-block-id=\"d4b4282\"><style>.stk-d4b4282-container{margin-left:0px !important;}<\/style><div class=\"stk-column-wrapper stk-block-column__content stk-container stk-d4b4282-container stk--no-background stk--no-padding\"><div class=\"stk-block-content stk-inner-blocks stk-d4b4282-inner-blocks\"><div class=\"ct-posts-shortcode\" data-prefix=\"blog\"><div class=\"entries\" data-archive=\"default\" data-layout=\"classic\" data-cards=\"cover\" data-hover=\"zoom-out\"><article class=\"entry-card card-content post-13031 post type-post status-publish format-standard has-post-thumbnail hentry category-actualitat\" data-reveal=\"bottom:no\"><ul class=\"entry-meta\" data-type=\"simple:none\" data-id=\"j0qilM\" ><li class=\"meta-categories\" data-type=\"pill\"><a href=\"https:\/\/fundaciohospitalariesmartorell.org\/entre-tots\/category\/actualitat\/\" rel=\"tag\" class=\"ct-term-27\">ACTUALITAT<\/a><\/li><li class=\"meta-date\" itemprop=\"datePublished\"><time class=\"ct-meta-element-date\" datetime=\"2026-04-21T10:25:08+01:00\">abril 2026<\/time><\/li><\/ul><h2 class=\"entry-title\"><a href=\"https:\/\/fundaciohospitalariesmartorell.org\/entre-tots\/2026\/04\/dormir-be-es-creixer-millor-com-afavorir-un-bon-descans-durant-la-infancia-i-adolescencia\/\" rel=\"bookmark\">Dormir b\u00e9 \u00e9s cr\u00e8ixer millor: com afavorir un bon descans durant la inf\u00e0ncia i adolesc\u00e8ncia<\/a><\/h2><a class=\"ct-media-container has-hover-effect\" href=\"https:\/\/fundaciohospitalariesmartorell.org\/entre-tots\/2026\/04\/dormir-be-es-creixer-millor-com-afavorir-un-bon-descans-durant-la-infancia-i-adolescencia\/\" aria-label=\"Dormir b\u00e9 \u00e9s cr\u00e8ixer millor: com afavorir un bon descans durant la inf\u00e0ncia i adolesc\u00e8ncia\"><img decoding=\"async\" width=\"768\" height=\"432\" src=\"https:\/\/fundaciohospitalariesmartorell.org\/entre-tots\/wp-content\/uploads\/2026\/04\/2026-Stories-fixes-Instagram-1-768x432.jpg\" class=\"attachment-medium_large size-medium_large wp-post-image\" alt=\"\" loading=\"lazy\" srcset=\"https:\/\/fundaciohospitalariesmartorell.org\/entre-tots\/wp-content\/uploads\/2026\/04\/2026-Stories-fixes-Instagram-1-768x432.jpg 768w, https:\/\/fundaciohospitalariesmartorell.org\/entre-tots\/wp-content\/uploads\/2026\/04\/2026-Stories-fixes-Instagram-1-300x169.jpg 300w, https:\/\/fundaciohospitalariesmartorell.org\/entre-tots\/wp-content\/uploads\/2026\/04\/2026-Stories-fixes-Instagram-1-1024x576.jpg 1024w, https:\/\/fundaciohospitalariesmartorell.org\/entre-tots\/wp-content\/uploads\/2026\/04\/2026-Stories-fixes-Instagram-1-1536x864.jpg 1536w, https:\/\/fundaciohospitalariesmartorell.org\/entre-tots\/wp-content\/uploads\/2026\/04\/2026-Stories-fixes-Instagram-1-1320x743.jpg 1320w, https:\/\/fundaciohospitalariesmartorell.org\/entre-tots\/wp-content\/uploads\/2026\/04\/2026-Stories-fixes-Instagram-1.jpg 1920w\" sizes=\"auto, (max-width: 768px) 100vw, 768px\" itemprop=\"image\" style=\"aspect-ratio: 16\/9;\" \/><\/a><\/article><\/div><\/div>\n<\/div><\/div><\/div>\n\n\n\n<div class=\"wp-block-stackable-column stk-block-column stk-column stk-block stk-00bac38\" data-v=\"4\" data-block-id=\"00bac38\"><style>.stk-00bac38-container{margin-left:0px !important;}<\/style><div class=\"stk-column-wrapper stk-block-column__content stk-container stk-00bac38-container stk--no-background stk--no-padding\"><div class=\"stk-block-content stk-inner-blocks stk-00bac38-inner-blocks\"><div class=\"ct-posts-shortcode\" data-prefix=\"blog\"><div class=\"entries\" data-archive=\"default\" data-layout=\"classic\" data-cards=\"cover\" data-hover=\"zoom-out\"><article class=\"entry-card card-content post-12911 post type-post status-publish format-standard has-post-thumbnail hentry category-actualitat\" data-reveal=\"bottom:no\"><ul class=\"entry-meta\" data-type=\"simple:none\" data-id=\"j0qilM\" ><li class=\"meta-categories\" data-type=\"pill\"><a href=\"https:\/\/fundaciohospitalariesmartorell.org\/entre-tots\/category\/actualitat\/\" rel=\"tag\" class=\"ct-term-27\">ACTUALITAT<\/a><\/li><li class=\"meta-date\" itemprop=\"datePublished\"><time class=\"ct-meta-element-date\" datetime=\"2026-03-27T08:16:36+01:00\">mar\u00e7 2026<\/time><\/li><\/ul><h2 class=\"entry-title\"><a href=\"https:\/\/fundaciohospitalariesmartorell.org\/entre-tots\/2026\/03\/dia-mundial-del-tea-la-diferencia-no-es-un-error-a-corregir-sino-una-expressio-de-la-diversitat-humana\/\" rel=\"bookmark\">Dia Mundial del TEA: \u201cLa difer\u00e8ncia no \u00e9s un error a corregir, sin\u00f3 una expressi\u00f3 de la diversitat humana\u201d<\/a><\/h2><a class=\"ct-media-container has-hover-effect\" href=\"https:\/\/fundaciohospitalariesmartorell.org\/entre-tots\/2026\/03\/dia-mundial-del-tea-la-diferencia-no-es-un-error-a-corregir-sino-una-expressio-de-la-diversitat-humana\/\" aria-label=\"Dia Mundial del TEA: \u201cLa difer\u00e8ncia no \u00e9s un error a corregir, sin\u00f3 una expressi\u00f3 de la diversitat humana\u201d\"><img decoding=\"async\" width=\"768\" height=\"514\" src=\"https:\/\/fundaciohospitalariesmartorell.org\/entre-tots\/wp-content\/uploads\/2026\/03\/image-30-768x514.png\" class=\"attachment-medium_large size-medium_large wp-post-image\" alt=\"\" loading=\"lazy\" srcset=\"https:\/\/fundaciohospitalariesmartorell.org\/entre-tots\/wp-content\/uploads\/2026\/03\/image-30-768x514.png 768w, https:\/\/fundaciohospitalariesmartorell.org\/entre-tots\/wp-content\/uploads\/2026\/03\/image-30-300x201.png 300w, https:\/\/fundaciohospitalariesmartorell.org\/entre-tots\/wp-content\/uploads\/2026\/03\/image-30-1024x686.png 1024w, https:\/\/fundaciohospitalariesmartorell.org\/entre-tots\/wp-content\/uploads\/2026\/03\/image-30-1320x884.png 1320w, https:\/\/fundaciohospitalariesmartorell.org\/entre-tots\/wp-content\/uploads\/2026\/03\/image-30.png 1520w\" sizes=\"auto, (max-width: 768px) 100vw, 768px\" itemprop=\"image\" style=\"aspect-ratio: 760\/509;\" \/><\/a><\/article><\/div><\/div>\n<\/div><\/div><\/div>\n<\/div><\/div>\n\n\n\n<div class=\"wp-block-stackable-columns stk-block-columns stk-block stk-8099ea5\" id=\"midaOK\" data-block-id=\"8099ea5\"><div class=\"stk-row stk-inner-blocks stk-block-content stk-content-align stk-8099ea5-column\">\n<div class=\"wp-block-stackable-column stk-block-column stk-column stk-block stk-47b4dc1\" data-v=\"4\" data-block-id=\"47b4dc1\"><style>.stk-47b4dc1-container{margin-left:0px !important;}<\/style><div class=\"stk-column-wrapper stk-block-column__content stk-container stk-47b4dc1-container stk--no-background stk--no-padding\"><div class=\"stk-block-content stk-inner-blocks stk-47b4dc1-inner-blocks\"><div class=\"ct-posts-shortcode\" data-prefix=\"blog\"><div class=\"entries\" data-archive=\"default\" data-layout=\"classic\" data-cards=\"cover\" data-hover=\"zoom-out\"><article class=\"entry-card card-content post-12997 post type-post status-publish format-standard has-post-thumbnail hentry category-actualitat\" data-reveal=\"bottom:no\"><ul class=\"entry-meta\" data-type=\"simple:none\" data-id=\"j0qilM\" ><li class=\"meta-categories\" data-type=\"pill\"><a href=\"https:\/\/fundaciohospitalariesmartorell.org\/entre-tots\/category\/actualitat\/\" rel=\"tag\" class=\"ct-term-27\">ACTUALITAT<\/a><\/li><li class=\"meta-date\" itemprop=\"datePublished\"><time class=\"ct-meta-element-date\" datetime=\"2026-04-16T10:53:45+01:00\">abril 2026<\/time><\/li><\/ul><h2 class=\"entry-title\"><a href=\"https:\/\/fundaciohospitalariesmartorell.org\/entre-tots\/2026\/04\/sortida-al-museu-de-la-ciencia-cosmocaixa-de-barcelona\/\" rel=\"bookmark\">Sortida al Museu de la Ci\u00e8ncia CosmoCaixa de Barcelona<\/a><\/h2><a class=\"ct-media-container has-hover-effect\" href=\"https:\/\/fundaciohospitalariesmartorell.org\/entre-tots\/2026\/04\/sortida-al-museu-de-la-ciencia-cosmocaixa-de-barcelona\/\" aria-label=\"Sortida al Museu de la Ci\u00e8ncia CosmoCaixa de Barcelona\"><img decoding=\"async\" width=\"768\" height=\"576\" src=\"https:\/\/fundaciohospitalariesmartorell.org\/entre-tots\/wp-content\/uploads\/2026\/04\/9229cd78-d543-4df2-8ef1-35fc2280bb1e-1-768x576.jpg\" class=\"attachment-medium_large size-medium_large wp-post-image\" alt=\"\" loading=\"lazy\" srcset=\"https:\/\/fundaciohospitalariesmartorell.org\/entre-tots\/wp-content\/uploads\/2026\/04\/9229cd78-d543-4df2-8ef1-35fc2280bb1e-1-768x576.jpg 768w, https:\/\/fundaciohospitalariesmartorell.org\/entre-tots\/wp-content\/uploads\/2026\/04\/9229cd78-d543-4df2-8ef1-35fc2280bb1e-1-300x225.jpg 300w, https:\/\/fundaciohospitalariesmartorell.org\/entre-tots\/wp-content\/uploads\/2026\/04\/9229cd78-d543-4df2-8ef1-35fc2280bb1e-1-1024x768.jpg 1024w, https:\/\/fundaciohospitalariesmartorell.org\/entre-tots\/wp-content\/uploads\/2026\/04\/9229cd78-d543-4df2-8ef1-35fc2280bb1e-1-1536x1152.jpg 1536w, https:\/\/fundaciohospitalariesmartorell.org\/entre-tots\/wp-content\/uploads\/2026\/04\/9229cd78-d543-4df2-8ef1-35fc2280bb1e-1-1320x990.jpg 1320w, https:\/\/fundaciohospitalariesmartorell.org\/entre-tots\/wp-content\/uploads\/2026\/04\/9229cd78-d543-4df2-8ef1-35fc2280bb1e-1.jpg 2048w\" sizes=\"auto, (max-width: 768px) 100vw, 768px\" itemprop=\"image\" style=\"aspect-ratio: 4\/3;\" \/><\/a><\/article><\/div><\/div>\n<\/div><\/div><\/div>\n\n\n\n<div class=\"wp-block-stackable-column stk-block-column stk-column stk-block stk-38669ad\" data-v=\"4\" data-block-id=\"38669ad\"><style>.stk-38669ad-container{margin-left:0px !important;}<\/style><div class=\"stk-column-wrapper stk-block-column__content stk-container stk-38669ad-container stk--no-background stk--no-padding\"><div class=\"stk-block-content stk-inner-blocks stk-38669ad-inner-blocks\"><div class=\"ct-posts-shortcode\" data-prefix=\"blog\"><div class=\"entries\" data-archive=\"default\" data-layout=\"classic\" data-cards=\"cover\" data-hover=\"zoom-out\"><article class=\"entry-card card-content post-12976 post type-post status-publish format-standard has-post-thumbnail hentry category-actualitat\" data-reveal=\"bottom:no\"><ul class=\"entry-meta\" data-type=\"simple:none\" data-id=\"j0qilM\" ><li class=\"meta-categories\" data-type=\"pill\"><a href=\"https:\/\/fundaciohospitalariesmartorell.org\/entre-tots\/category\/actualitat\/\" rel=\"tag\" class=\"ct-term-27\">ACTUALITAT<\/a><\/li><li class=\"meta-date\" itemprop=\"datePublished\"><time class=\"ct-meta-element-date\" datetime=\"2026-04-15T14:37:51+01:00\">abril 2026<\/time><\/li><\/ul><h2 class=\"entry-title\"><a href=\"https:\/\/fundaciohospitalariesmartorell.org\/entre-tots\/2026\/04\/la-relacio-dajuda-lempatia-i-lescolta-activa-eix-de-la-nova-sessio-formativa-del-voluntariat\/\" rel=\"bookmark\">La relaci\u00f3 d\u2019ajuda, l&#8217;empatia i l&#8217;escolta activa, eix de la nova sessi\u00f3 formativa del voluntariat<\/a><\/h2><a class=\"ct-media-container has-hover-effect\" href=\"https:\/\/fundaciohospitalariesmartorell.org\/entre-tots\/2026\/04\/la-relacio-dajuda-lempatia-i-lescolta-activa-eix-de-la-nova-sessio-formativa-del-voluntariat\/\" aria-label=\"La relaci\u00f3 d\u2019ajuda, l&#8217;empatia i l&#8217;escolta activa, eix de la nova sessi\u00f3 formativa del voluntariat\"><img decoding=\"async\" width=\"768\" height=\"518\" src=\"https:\/\/fundaciohospitalariesmartorell.org\/entre-tots\/wp-content\/uploads\/2026\/04\/WhatsApp-Image-2026-04-08-at-09.12.47-e1776073843613-768x518.jpeg\" class=\"attachment-medium_large size-medium_large wp-post-image\" alt=\"\" loading=\"lazy\" srcset=\"https:\/\/fundaciohospitalariesmartorell.org\/entre-tots\/wp-content\/uploads\/2026\/04\/WhatsApp-Image-2026-04-08-at-09.12.47-e1776073843613-768x518.jpeg 768w, https:\/\/fundaciohospitalariesmartorell.org\/entre-tots\/wp-content\/uploads\/2026\/04\/WhatsApp-Image-2026-04-08-at-09.12.47-e1776073843613-300x203.jpeg 300w, https:\/\/fundaciohospitalariesmartorell.org\/entre-tots\/wp-content\/uploads\/2026\/04\/WhatsApp-Image-2026-04-08-at-09.12.47-e1776073843613-1024x691.jpeg 1024w, https:\/\/fundaciohospitalariesmartorell.org\/entre-tots\/wp-content\/uploads\/2026\/04\/WhatsApp-Image-2026-04-08-at-09.12.47-e1776073843613.jpeg 1200w\" sizes=\"auto, (max-width: 768px) 100vw, 768px\" itemprop=\"image\" style=\"aspect-ratio: 40\/27;\" \/><\/a><\/article><\/div><\/div>\n<\/div><\/div><\/div>\n<\/div><\/div>\n\n\n\n<div class=\"wp-block-stackable-columns stk-block-columns stk-block stk-a812c33\" id=\"midaOK\" data-block-id=\"a812c33\"><div class=\"stk-row stk-inner-blocks stk-block-content stk-content-align stk-a812c33-column\">\n<div class=\"wp-block-stackable-column stk-block-column stk-column stk-block stk-65552d7\" data-v=\"4\" data-block-id=\"65552d7\"><style>.stk-65552d7-container{margin-left:0px !important;}<\/style><div class=\"stk-column-wrapper stk-block-column__content stk-container stk-65552d7-container stk--no-background stk--no-padding\"><div class=\"stk-block-content stk-inner-blocks stk-65552d7-inner-blocks\"><div class=\"ct-posts-shortcode\" data-prefix=\"blog\"><div class=\"entries\" data-archive=\"default\" data-layout=\"classic\" data-cards=\"cover\" data-hover=\"zoom-out\"><article class=\"entry-card card-content post-12982 post type-post status-publish format-standard has-post-thumbnail hentry category-actualitat\" data-reveal=\"bottom:no\"><ul class=\"entry-meta\" data-type=\"simple:none\" data-id=\"j0qilM\" ><li class=\"meta-categories\" data-type=\"pill\"><a href=\"https:\/\/fundaciohospitalariesmartorell.org\/entre-tots\/category\/actualitat\/\" rel=\"tag\" class=\"ct-term-27\">ACTUALITAT<\/a><\/li><li class=\"meta-date\" itemprop=\"datePublished\"><time class=\"ct-meta-element-date\" datetime=\"2026-04-15T14:42:30+01:00\">abril 2026<\/time><\/li><\/ul><h2 class=\"entry-title\"><a href=\"https:\/\/fundaciohospitalariesmartorell.org\/entre-tots\/2026\/04\/el-dolor-despatlla-hemiplegic-una-complicacio-frequent-i-complexa-despres-de-lictus\/\" rel=\"bookmark\">El dolor d\u2019espatlla hemipl\u00e8gic: una complicaci\u00f3 freq\u00fcent i complexa despr\u00e9s de l\u2019ictus<\/a><\/h2><a class=\"ct-media-container has-hover-effect\" href=\"https:\/\/fundaciohospitalariesmartorell.org\/entre-tots\/2026\/04\/el-dolor-despatlla-hemiplegic-una-complicacio-frequent-i-complexa-despres-de-lictus\/\" aria-label=\"El dolor d\u2019espatlla hemipl\u00e8gic: una complicaci\u00f3 freq\u00fcent i complexa despr\u00e9s de l\u2019ictus\"><img decoding=\"async\" width=\"768\" height=\"432\" src=\"https:\/\/fundaciohospitalariesmartorell.org\/entre-tots\/wp-content\/uploads\/2026\/04\/image-5-768x432.png\" class=\"attachment-medium_large size-medium_large wp-post-image\" alt=\"\" loading=\"lazy\" srcset=\"https:\/\/fundaciohospitalariesmartorell.org\/entre-tots\/wp-content\/uploads\/2026\/04\/image-5-768x432.png 768w, https:\/\/fundaciohospitalariesmartorell.org\/entre-tots\/wp-content\/uploads\/2026\/04\/image-5-300x169.png 300w, https:\/\/fundaciohospitalariesmartorell.org\/entre-tots\/wp-content\/uploads\/2026\/04\/image-5.png 1024w\" sizes=\"auto, (max-width: 768px) 100vw, 768px\" itemprop=\"image\" style=\"aspect-ratio: 16\/9;\" \/><\/a><\/article><\/div><\/div>\n<\/div><\/div><\/div>\n\n\n\n<div class=\"wp-block-stackable-column stk-block-column stk-column stk-block stk-3dbea24\" data-v=\"4\" data-block-id=\"3dbea24\"><style>.stk-3dbea24-container{margin-left:0px !important;}<\/style><div class=\"stk-column-wrapper stk-block-column__content stk-container stk-3dbea24-container stk--no-background stk--no-padding\"><div class=\"stk-block-content stk-inner-blocks stk-3dbea24-inner-blocks\"><\/div><\/div><\/div>\n<\/div><\/div>\n\n\n\n<hr class=\"wp-block-separator has-text-color has-palette-color-1-color has-alpha-channel-opacity has-palette-color-1-background-color has-background is-style-wide\"\/>\n\n\n<div class=\"ct-posts-shortcode\" data-prefix=\"blog\"><div class=\"entries\" data-archive=\"default\" data-layout=\"classic\" data-cards=\"cover\" data-hover=\"zoom-out\"><article class=\"entry-card card-content post-12808 post type-post status-publish format-standard has-post-thumbnail hentry category-tot-aixo-es-nostre\" data-reveal=\"bottom:no\"><ul class=\"entry-meta\" data-type=\"simple:none\" data-id=\"j0qilM\" ><li class=\"meta-categories\" data-type=\"pill\"><a href=\"https:\/\/fundaciohospitalariesmartorell.org\/entre-tots\/category\/tot-aixo-es-nostre\/\" rel=\"tag\" class=\"ct-term-28\">TOT AIX\u00d2 \u00c9S NOSTRE<\/a><\/li><li class=\"meta-date\" itemprop=\"datePublished\"><time class=\"ct-meta-element-date\" datetime=\"2026-03-19T12:08:05+01:00\">mar\u00e7 2026<\/time><\/li><\/ul><h2 class=\"entry-title\"><a href=\"https:\/\/fundaciohospitalariesmartorell.org\/entre-tots\/2026\/03\/dormir-malament-no-es-un-peatge-obligatori-de-ledat-experts-alerten-sobre-lus-de-la-melatonina-en-la-vellesa\/\" rel=\"bookmark\">Dormir malament no \u00e9s un peatge obligatori de l\u2019edat: experts alerten sobre l\u2019\u00fas de la melatonina en la vellesa<\/a><\/h2><a class=\"ct-media-container has-hover-effect\" href=\"https:\/\/fundaciohospitalariesmartorell.org\/entre-tots\/2026\/03\/dormir-malament-no-es-un-peatge-obligatori-de-ledat-experts-alerten-sobre-lus-de-la-melatonina-en-la-vellesa\/\" aria-label=\"Dormir malament no \u00e9s un peatge obligatori de l\u2019edat: experts alerten sobre l\u2019\u00fas de la melatonina en la vellesa\"><img decoding=\"async\" width=\"768\" height=\"613\" src=\"https:\/\/fundaciohospitalariesmartorell.org\/entre-tots\/wp-content\/uploads\/2026\/03\/WhatsApp-Image-2026-03-20-at-12.14.47-768x613.jpeg\" class=\"attachment-medium_large size-medium_large wp-post-image\" alt=\"\" loading=\"lazy\" srcset=\"https:\/\/fundaciohospitalariesmartorell.org\/entre-tots\/wp-content\/uploads\/2026\/03\/WhatsApp-Image-2026-03-20-at-12.14.47-768x613.jpeg 768w, https:\/\/fundaciohospitalariesmartorell.org\/entre-tots\/wp-content\/uploads\/2026\/03\/WhatsApp-Image-2026-03-20-at-12.14.47-300x240.jpeg 300w, https:\/\/fundaciohospitalariesmartorell.org\/entre-tots\/wp-content\/uploads\/2026\/03\/WhatsApp-Image-2026-03-20-at-12.14.47-1024x818.jpeg 1024w, https:\/\/fundaciohospitalariesmartorell.org\/entre-tots\/wp-content\/uploads\/2026\/03\/WhatsApp-Image-2026-03-20-at-12.14.47-1536x1227.jpeg 1536w, https:\/\/fundaciohospitalariesmartorell.org\/entre-tots\/wp-content\/uploads\/2026\/03\/WhatsApp-Image-2026-03-20-at-12.14.47-1320x1054.jpeg 1320w, https:\/\/fundaciohospitalariesmartorell.org\/entre-tots\/wp-content\/uploads\/2026\/03\/WhatsApp-Image-2026-03-20-at-12.14.47.jpeg 1600w\" sizes=\"auto, (max-width: 768px) 100vw, 768px\" itemprop=\"image\" style=\"aspect-ratio: 800\/639;\" \/><\/a><\/article><\/div><\/div>\n\n\n\n<hr class=\"wp-block-separator has-text-color has-palette-color-1-color has-alpha-channel-opacity has-palette-color-1-background-color has-background is-style-wide\"\/>\n\n\n\n<div class=\"wp-block-getwid-section alignfull has-inner-blocks-gap-normal getwid-section-content-custom-width\"><div class=\"wp-block-getwid-section__wrapper getwid-padding-top-large getwid-padding-bottom-large getwid-padding-left-medium getwid-padding-right-medium getwid-align-items-flex-start getwid-reset-min-height-mobile\"><div class=\"wp-block-getwid-section__inner-wrapper\" style=\"max-width:510px\"><div class=\"wp-block-getwid-section__background-holder\"><div class=\"wp-block-getwid-section__background\" style=\"background-image:url('https:\/\/fundaciohospitalariesmartorell.org\/entre-tots\/wp-content\/uploads\/2022\/06\/Ilustracio\u0301n-del-proyecto-inicial-del-Centro-scaled.jpg')\"><div class=\"wp-block-getwid-section__background-image-wrapper\"><img decoding=\"async\" class=\"wp-block-getwid-section__background-image\" src=\"https:\/\/fundaciohospitalariesmartorell.org\/entre-tots\/wp-content\/uploads\/2022\/06\/Ilustracio\u0301n-del-proyecto-inicial-del-Centro-scaled.jpg\" alt=\"\"\/><\/div><\/div><div class=\"wp-block-getwid-section__foreground\" style=\"opacity:0.84;background-color:var(--theme-palette-color-8, #ffffff)\"><\/div><\/div><div class=\"wp-block-getwid-section__content\"><div class=\"wp-block-getwid-section__inner-content\">\n<div class=\"wp-block-getwid-advanced-heading\" style=\"margin-bottom:30px\"><h2 class=\"wp-block-getwid-advanced-heading__content has-text-color has-palette-color-1-color\" style=\"text-align:left\">Entre records<\/h2><\/div>\n\n\n<div class=\"ct-posts-shortcode\" data-prefix=\"blog\"><div class=\"entries\" data-archive=\"default\" data-layout=\"classic\" data-cards=\"cover\" data-hover=\"zoom-out\"><article class=\"entry-card card-content post-12682 post type-post status-publish format-standard has-post-thumbnail hentry category-entre-records\" data-reveal=\"bottom:no\"><ul class=\"entry-meta\" data-type=\"simple:none\" data-id=\"j0qilM\" ><li class=\"meta-categories\" data-type=\"pill\"><a href=\"https:\/\/fundaciohospitalariesmartorell.org\/entre-tots\/category\/entre-records\/\" rel=\"tag\" class=\"ct-term-29\">ENTRE RECORDS<\/a><\/li><li class=\"meta-date\" itemprop=\"datePublished\"><time class=\"ct-meta-element-date\" datetime=\"2026-02-24T10:11:40+01:00\">febrer 2026<\/time><\/li><\/ul><h2 class=\"entry-title\"><a href=\"https:\/\/fundaciohospitalariesmartorell.org\/entre-tots\/2026\/02\/fa-15-anys-siniciava-lactivitat-de-fidmag\/\" rel=\"bookmark\">Fa 15 anys s&#8217;iniciava l&#8217;activitat de FIDMAG<\/a><\/h2><a class=\"ct-media-container has-hover-effect\" href=\"https:\/\/fundaciohospitalariesmartorell.org\/entre-tots\/2026\/02\/fa-15-anys-siniciava-lactivitat-de-fidmag\/\" aria-label=\"Fa 15 anys s&#8217;iniciava l&#8217;activitat de FIDMAG\"><img decoding=\"async\" width=\"768\" height=\"506\" src=\"https:\/\/fundaciohospitalariesmartorell.org\/entre-tots\/wp-content\/uploads\/2026\/02\/image-16-768x506.png\" class=\"attachment-medium_large size-medium_large wp-post-image\" alt=\"\" loading=\"lazy\" srcset=\"https:\/\/fundaciohospitalariesmartorell.org\/entre-tots\/wp-content\/uploads\/2026\/02\/image-16-768x506.png 768w, https:\/\/fundaciohospitalariesmartorell.org\/entre-tots\/wp-content\/uploads\/2026\/02\/image-16-300x198.png 300w, https:\/\/fundaciohospitalariesmartorell.org\/entre-tots\/wp-content\/uploads\/2026\/02\/image-16.png 959w\" sizes=\"auto, (max-width: 768px) 100vw, 768px\" itemprop=\"image\" style=\"aspect-ratio: 959\/632;\" \/><\/a><\/article><\/div><\/div>\n<\/div><\/div><\/div><\/div><\/div>\n\n\n\n<p><\/p>\n","protected":false},"excerpt":{"rendered":"<p>Entre not\u00edcies<\/p>\n","protected":false},"author":2,"featured_media":0,"parent":0,"menu_order":0,"comment_status":"closed","ping_status":"closed","template":"","meta":{"footnotes":""},"class_list":["post-3491","page","type-page","status-publish","hentry"],"blocksy_meta":{"styles_descriptor":{"styles":{"desktop":"","tablet":"","mobile":""},"google_fonts":[],"version":6},"page_title_panel":"","has_hero_section":"disabled","5ba0150633831f6f20ba2cabc7336b74":"","hero_section":"type-1","hero_elements":[{"id":"custom_title","enabled":true,"heading_tag":"h1","title":"Home"},{"id":"custom_description","enabled":true,"description_visibility":{"desktop":true,"tablet":true,"mobile":false}},{"id":"custom_meta","enabled":false,"meta_elements":[{"id":"author","enabled":true,"label":"By","has_author_avatar":"yes","avatar_size":25},{"id":"post_date","enabled":true,"label":"On","date_format_source":"default","date_format":"M j, Y"},{"id":"updated_date","enabled":false,"label":"On","date_format_source":"default","date_format":"M j, Y"},{"id":"categories","enabled":false,"label":"In","style":"simple"},{"id":"comments","enabled":true}],"page_meta_elements":{"joined":true,"articles_count":true,"comments":true}},{"id":"breadcrumbs","enabled":false}],"5b1a562a669bddf401e5cdb3a55269f4":"","hero_alignment1":"CT_CSS_SKIP_RULE","hero_margin":40,"hero_alignment2":"center","hero_vertical_alignment":"center","de3a0ee8b3a7cd287ef9e430fa27ec9f":"","hero_structure":"narrow","fde4c6160a0daa5d526c2141ffea4902":"","page_title_bg_type":"featured_image","custom_hero_background":{"attachment_id":null},"page_title_image_size":"full","parallax":{"desktop":false,"tablet":false,"mobile":false},"6b7c1eac670de501ea04641393b99c77":"","hero_height":"250px","pageTitleFont":{"family":"Default","variation":"Default","size":"30px","line-height":"CT_CSS_SKIP_RULE","letter-spacing":"CT_CSS_SKIP_RULE","text-transform":"CT_CSS_SKIP_RULE","text-decoration":"CT_CSS_SKIP_RULE"},"pageTitleFontColor":{"default":{"color":"CT_CSS_SKIP_RULEDEFAULT"}},"pageMetaFont":{"family":"Default","variation":"n6","size":"12px","line-height":"1.3","letter-spacing":"CT_CSS_SKIP_RULE","text-transform":"uppercase","text-decoration":"CT_CSS_SKIP_RULE"},"pageMetaFontColor":{"default":{"color":"CT_CSS_SKIP_RULEDEFAULT"},"hover":{"color":"CT_CSS_SKIP_RULEDEFAULT"}},"page_meta_button_type_font_colors":{"default":{"color":"CT_CSS_SKIP_RULEDEFAULT"},"hover":{"color":"CT_CSS_SKIP_RULEDEFAULT"}},"page_meta_button_type_background_colors":{"default":{"color":"CT_CSS_SKIP_RULEDEFAULT"},"hover":{"color":"CT_CSS_SKIP_RULEDEFAULT"}},"pageExcerptFont":{"family":"Default","variation":"Default","size":"CT_CSS_SKIP_RULE","line-height":"CT_CSS_SKIP_RULE","letter-spacing":"CT_CSS_SKIP_RULE","text-transform":"CT_CSS_SKIP_RULE","text-decoration":"CT_CSS_SKIP_RULE"},"pageExcerptColor":{"default":{"color":"CT_CSS_SKIP_RULEDEFAULT"}},"breadcrumbsFont":{"family":"Default","variation":"Default","size":"CT_CSS_SKIP_RULE","line-height":"CT_CSS_SKIP_RULE","letter-spacing":"CT_CSS_SKIP_RULE","text-transform":"CT_CSS_SKIP_RULE","text-decoration":"CT_CSS_SKIP_RULE"},"breadcrumbsFontColor":{"default":{"color":"CT_CSS_SKIP_RULEDEFAULT"},"initial":{"color":"CT_CSS_SKIP_RULEDEFAULT"},"hover":{"color":"CT_CSS_SKIP_RULEDEFAULT"}},"pageTitleOverlay":{"background_type":"color","background_pattern":"type-1","background_image":{"attachment_id":null,"x":0,"y":0},"gradient":"linear-gradient(135deg,rgba(6,147,227,1) 0%,rgb(155,81,224) 100%)","background_repeat":"repeat","background_size":"auto","background_attachment":"scroll","patternColor":{"default":{"color":"#e5e7ea"}},"overlayColor":{"default":{"color":"CT_CSS_SKIP_RULE"}},"backgroundColor":{"default":{"color":"CT_CSS_SKIP_RULE"}}},"pageTitleBackground":{"background_type":"color","background_pattern":"type-1","background_image":{"attachment_id":null,"x":0,"y":0},"gradient":"linear-gradient(135deg,rgba(6,147,227,1) 0%,rgb(155,81,224) 100%)","background_repeat":"repeat","background_size":"auto","background_attachment":"scroll","patternColor":{"default":{"color":"#e5e7ea"}},"overlayColor":{"default":{"color":"CT_CSS_SKIP_RULE"}},"backgroundColor":{"default":{"color":"var(--theme-palette-color-6)"}}},"pageTitlePadding":{"top":"50px","bottom":"50px","left":"auto","right":"auto","linked":true},"76bb4df26e9c7eee94b50bc2976b30d4":"","page_structure_type":"type-2","0d3ea314530c69ab9d9e466cbdf13b5b":"","content_style_source":"inherit","content_style":"wide","vertical_spacing_source":"inherit","content_area_spacing":"both","background":{"background_type":"color","background_pattern":"type-1","background_image":{"attachment_id":null,"x":0,"y":0},"gradient":"linear-gradient(135deg,rgba(6,147,227,1) 0%,rgb(155,81,224) 100%)","background_repeat":"repeat","background_size":"auto","background_attachment":"scroll","patternColor":{"default":{"color":"#e5e7ea"}},"overlayColor":{"default":{"color":"CT_CSS_SKIP_RULE"}},"backgroundColor":{"default":{"color":"CT_CSS_SKIP_RULE"}}},"content_background":{"background_type":"color","background_pattern":"type-1","background_image":{"attachment_id":null,"x":0,"y":0},"gradient":"linear-gradient(135deg,rgba(6,147,227,1) 0%,rgb(155,81,224) 100%)","background_repeat":"repeat","background_size":"auto","background_attachment":"scroll","patternColor":{"default":{"color":"#e5e7ea"}},"overlayColor":{"default":{"color":"CT_CSS_SKIP_RULE"}},"backgroundColor":{"default":{"color":"var(--theme-palette-color-8)"}}},"content_boxed_shadow":{"inherit":false,"blur":18,"spread":-6,"v_offset":12,"h_offset":0,"inset":false,"enable":true,"color":{"color":"rgba(34, 56, 101, 0.04)"}},"boxed_content_spacing":{"desktop":{"top":"40px","bottom":"40px","left":"40px","right":"40px","linked":true},"tablet":{"top":"35px","bottom":"35px","left":"35px","right":"35px","linked":true},"mobile":{"top":"20px","bottom":"20px","left":"20px","right":"20px","linked":true}},"content_boxed_radius":{"top":"3px","bottom":"3px","left":"3px","right":"3px","linked":true},"4a7cf8fb5292e970f07a7b120f9f1fb0":"","disable_featured_image":"no","disable_share_box":"no","disable_header":"no","disable_footer":"no","ceeb5dda81970112d090d8dfd77054df":"","a9794998937e72719e4f436fdbc5df34":"","c83d7ca6233904fbd120711fc3f75c83":"","2d60b9f11d0725ff68369cc08062573a":"","916eafd714dc06187c7397093d07bd9d":"","2c1cfbfb61926814448bee1623edf840":"","7d56815173d9244b822728c281379c29":"","cccf34a60b066bf04491da9f30e5bac2":"","e376d3d56528c218443be1fd268467d9":"","c217b3c5633c973bc50248bbf23ff51d":"","ac02e9f8c902e9e529976c49e14b884c":"","8f07822e2cf8a0479db57e2e268a1d7e":"","8c5371f06248f98af5b84610ea2276d2":"","e0c1b0850c3d3151ad11a329f2094e84":"","061b9eeac51779779769ec5716e2c059":"","content_boxed_border":{"width":1,"style":"none","color":{"color":"rgba(44,62,80,0.2)"}},"df74ebf18ee7cf4a6a2db536f49d838c":"","a5f54c2bc247ef4386a5e6d1be581959":"","5f444cf34878d8c7247984c6e45f3084":"","c53b7c6f5e0dd8d272f7b1a3d572dc48":"","28b858f723fecd098595dfdfd476a00d":"","baf766a16cbbb41f15a7e74a67f8a994":"","8833ce13a9779aed066520cfb5f8d29e":"","36676dbad32a65633ddf0756da8a719d":"","ecbc736db48664823f98f876f80aa3ad":""},"featured_image_urls_v2":{"full":"","thumbnail":"","medium":"","medium_large":"","large":"","1536x1536":"","2048x2048":"","mailpoet_newsletter_max":""},"post_excerpt_stackable_v2":"<p>Actualitat Fundaci\u00f3 Hospital\u00e0ries Martorell ACTUALITATabril 2026Sant Jordi i Sant Benito Menni s\u2019uneixen en una jornada plena d\u2019hospitalitat i solidaritat Entre not\u00edcies Dues persones usu\u00e0ries exposen el seu proc\u00e9s de recuperaci\u00f3 a La Sexta i Catalunya R\u00e0dio Com prepar\u00e0vem el Nadal ara fa 20 anys? &#8220;Patir un trastorn mental no significa necess\u00e0riament ser infeli\u00e7&#8221;, diu Roger Ballesc\u00e0 al programa De Nit de R\u00e0dio 4 ACTUALITATabril 2026L&#8217;\u00c0rea de Persones impulsa un audiovisual per connectar les noves incorporacions amb antics col\u00b7aboradors\/es ACTUALITATabril 2026\u201cBajo la piel del monstruo\u201d, un llibre que dona veu a les persones amb TCA de llarga evoluci\u00f3 ACTUALITATabril 2026Els Serveis&hellip;<\/p>\n","category_list_v2":"","author_info_v2":{"name":"Sagrat Cor","url":"https:\/\/fundaciohospitalariesmartorell.org\/entre-tots\/author\/daniel\/"},"comments_num_v2":"0 comments","_links":{"self":[{"href":"https:\/\/fundaciohospitalariesmartorell.org\/entre-tots\/wp-json\/wp\/v2\/pages\/3491","targetHints":{"allow":["GET"]}}],"collection":[{"href":"https:\/\/fundaciohospitalariesmartorell.org\/entre-tots\/wp-json\/wp\/v2\/pages"}],"about":[{"href":"https:\/\/fundaciohospitalariesmartorell.org\/entre-tots\/wp-json\/wp\/v2\/types\/page"}],"author":[{"embeddable":true,"href":"https:\/\/fundaciohospitalariesmartorell.org\/entre-tots\/wp-json\/wp\/v2\/users\/2"}],"replies":[{"embeddable":true,"href":"https:\/\/fundaciohospitalariesmartorell.org\/entre-tots\/wp-json\/wp\/v2\/comments?post=3491"}],"version-history":[{"count":374,"href":"https:\/\/fundaciohospitalariesmartorell.org\/entre-tots\/wp-json\/wp\/v2\/pages\/3491\/revisions"}],"predecessor-version":[{"id":13122,"href":"https:\/\/fundaciohospitalariesmartorell.org\/entre-tots\/wp-json\/wp\/v2\/pages\/3491\/revisions\/13122"}],"wp:attachment":[{"href":"https:\/\/fundaciohospitalariesmartorell.org\/entre-tots\/wp-json\/wp\/v2\/media?parent=3491"}],"curies":[{"name":"wp","href":"https:\/\/api.w.org\/{rel}","templated":true}]}}